{"id":6483,"date":"2022-10-22T15:34:20","date_gmt":"2022-10-22T13:34:20","guid":{"rendered":"https:\/\/themis-foresight.com\/future-lab\/"},"modified":"2022-12-28T17:54:46","modified_gmt":"2022-12-28T15:54:46","slug":"future-lab-frankfurt","status":"publish","type":"page","link":"https:\/\/themis-foresight.com\/en\/future-lab-frankfurt\/","title":{"rendered":"Future Lab &#8211; Szenarien f\u00fcr Europas Wirtschaft"},"content":{"rendered":"<p><img decoding=\"async\" src=\"\/wp-content\/uploads\/2022\/05\/DSC_0862.jpg\" alt=\"\"><\/p>\n<div>\n<p><time datetime=\"2017-05-12T13:52:00+00:00\">28.11.2022 &#8211; Future Lab<\/time><\/p>\n<\/div>\n<h1>\n<p>Szenarien\u00a0f\u00fcr die europ\u00e4ische Wirtschaft<\/p>\n<\/h1>\n<h1>Szenarien f\u00fcr die europ\u00e4ische Wirtschaft<\/h1>\n<div>\n<p>28.11.2022 &#8211; Future Lab<\/p>\n<\/div>\n<hr>\n<ul>\n<li>\n        <a href=\"#projekt\">Das Projekt<\/a>\n    <\/li>\n<li>\n        <a href=\"#location\">Location<\/a>\n    <\/li>\n<li>\n        <a href=\"#agenda\">Agenda<\/a>\n    <\/li>\n<li>\n        <a href=\"#projektphasen\">Projektphasen<\/a>\n    <\/li>\n<li>\n        <a href=\"#experten\">Expert:innen<\/a>\n    <\/li>\n<li>\n        <a href=\"#anmeldung\">Zur Anmeldung<\/a>\n    <\/li>\n<\/ul>\n<p><img decoding=\"async\" src=\"\/wp-content\/uploads\/2022\/10\/DSC_1020.jpg\" alt=\"\"><\/p>\n<h2>Das Projekt<\/p>\n<p><span><\/span><\/h2>\n<h3>Hintergrund<\/h3>\n<div>\n<p><span>Sp\u00e4testens jetzt bekommen<\/span><span> <\/span><span>viele<\/span><span> <\/span><span>europ\u00e4ische Unternehmen di<\/span><span>e<\/span><span> Auswirkungen des 24. Februar zu sp\u00fcren. Seit damals steht fest, dass die Weltordnung, wie sie zum Ende des Kalten Kriegs etabliert wurde, nicht \u201edas Ende der Geschichte\u201c darstellte. Sie ist selbst zur Geschichte geworden.<\/span><\/p>\n<p><span>Als Corporate <\/span><span>Foresight<\/span><span>-Unternehmen und Thinktank ist es unsere Aufgabe zu antizipieren, welche m\u00f6glichen, wahrscheinlichen und w\u00fcnschenswerte Zuk\u00fcnfte uns erwarten. Es gilt auszuloten, wo Handlungsspielr\u00e4ume f\u00fcr Unternehmen eingeschr\u00e4nkt oder aber auch erweitert werden k\u00f6nnen. Welche Mittel und M\u00f6glichkeiten existieren, um langfristigen negativen Auswirkungen entgegenzuwirken? Und welche Chancen bieten sich in dieser neuen Lage, langfristig das Gesch\u00e4ft europ\u00e4ischer Unternehmen zu sichern? <\/span><\/p>\n<p><span>Gerade <\/span><span>ein Zeitpunkt, an dem wir vor einer <\/span><span>Reihe von<\/span><span> <\/span><span>Krisen <\/span><span>stehen, ist ideal, um <\/span><span>Gestaltungsoptionen zu schaffen und Unternehmen langfristig resilienter zu machen. Die aktive Auseinandersetzung mit Zuk\u00fcnften verleiht Handlungssicherheit und weitet den Blick f\u00fcr richtungsweisende Entscheidungen, die heute getroffen werden m\u00fcssen.<\/span><\/p>\n<\/div>\n<h3>Die Studie<\/h3>\n<div>\n<p><span>Bereits im M\u00e4rz hat Themis <\/span><span>Foresight<\/span><span> ein Studienprojekt gestartet, dessen Ziel es ist, Zuk\u00fcnfte f\u00fcr deutsche und europ\u00e4ische Wirtschafts-unternehmen in einer neuen Weltordnung zu entwickeln. Das soll <\/span><span>Wirtschaftslenker:innen<\/span><span> dabei helfen, ihre Unternehmen auf Volatilit\u00e4ten, Unsicherheiten, Komplexit\u00e4t und Mehrdeutigkeiten der n\u00e4chsten Jahrzehnte einzustellen und Einfluss zu nehmen auf die politische Ausgestaltung der Zukunft. <\/span><\/p>\n<p><span>Das Projekt bedient sich wissenschaftlicher Erkenntnisstrategien und befindet sich in einer der letzten Forschungsphasen. In den letzten Wochen und Monaten haben wir <\/span><span>die<\/span><span> <\/span><span>im<\/span><span> <\/span><span>Mai<\/span><span> <\/span><span>erarbeiteten<\/span><span> <\/span><span>Hypothesen <\/span><span>in einer Delphi-Befragung mit weltweiten <\/span><span>Expert:innen<\/span><span> gepr\u00fcft. Im n\u00e4chsten Schritt geht es darum, konkrete Szenarien auszuarbeiten.<\/span><\/p>\n<p><span>In einem Future Lab am 28. November laden wir deshalb 25 <\/span><span>Vertreter:innen<\/span><span> aus Unternehmen ein, um <\/span><span>\u00fcber diese Szenarien zu diskutieren.<\/span><span> Dabei geht es auch darum, sich mit <\/span><span>Analyst:innen<\/span><span> <\/span><span>sowie hochrangigen <\/span><span>Executives<\/span><span> unterschiedlicher Branchen in einem gesch\u00fctzten Raum austauschen zu k\u00f6nnen.<\/span><\/p>\n<p><span>Themis <\/span><span>Foresight<\/span><span> wird dar\u00fcber hinaus Sicherheits- und <\/span><span>Politik-Expert:innen<\/span><span> einladen um nichtwirtschaftliche Aspekte in die Diskussion einflie\u00dfen zu lassen.<\/span><\/p>\n<p><span>Das Future Lab ist ein \u201eInvitation <\/span><span>Only<\/span><span>\u201c-Event. <\/span><span>Es gelten Chatham House Rules. Geleitet wird es<\/span><span> <\/span><span>von Jan Berger, CEO Themis <\/span><span>Foresight<\/span><span> und Ewald <\/span><span>B\u00f6hlke<\/span><span>, ehemaliger jahrzehntelanger Zukunftsforscher der Daimler AG.\u00a0<\/span><\/p>\n<\/div>\n<hr>\n<h2>Location<\/h2>\n<div>\n<p>Als Neubau im Stil einer privaten urbanen Villa bietet die \u201eQX-Manor\u201c mit ihrem einzigartigen Design und ihrer\u00a0au\u00dfergew\u00f6hnlichen Atmosph\u00e4re eines \u201ehome away from home\u201c einen perfekten R\u00fcckzugsort f\u00fcr professionellen und doch vertrauensvollen Austausch.<\/p>\n<\/div>\n<p><img decoding=\"async\" src=\"\/wp-content\/uploads\/2022\/10\/qx-manor.png\" alt=\"\"><\/p>\n<h3>Adresse<\/h3>\n<div>\n<p>Lerchesbergring 96<br \/><span>60598 Frankfurt am Main<\/span><\/p>\n<\/div>\n<div>\n<p>50.07888185,8.68268930531496<\/p>\n<\/div>\n<h1>Agenda<\/h1>\n<h2>Future Lab II<\/h2>\n<div>28. November<\/div>\n<div>Montag<\/div>\n<div>09:00<\/div>\n<h3>Ankunft und Fr\u00fchst\u00fcck in der QX-Manor<\/h3>\n<hr>\n<div>10:00-12:30<\/div>\n<h3>\n<p><span>Future Lab<br \/><\/span><span>Studie zu Zuk\u00fcnften der europ\u00e4ischen Wirtschaft |\u00a0<\/span><span>Vorstellung und Diskussion der <\/span><span>ersten Ergebnisse<\/span><span>\u00a0 <\/span><\/p>\n<\/h3>\n<hr>\n<div>12:30-13:30<\/div>\n<h3>Lunch mit exklusivem Zwei-G\u00e4nge-Men\u00fc<\/h3>\n<hr>\n<div>13:30-15:00<\/div>\n<h3>Future Lab<br \/>Entwicklung von Szenarien f\u00fcr die europ\u00e4ische Wirtschaft<\/h3>\n<hr>\n<div>15:00-15:30<\/div>\n<h3>Pause mit Kaffee und H\u00e4ppchen<\/h3>\n<hr>\n<div>15:30-17:00<\/div>\n<h3>Zusammenfassung und Ausblick<\/h3>\n<hr>\n<div>19:00<\/div>\n<h3>Dinner<\/h3>\n<hr>\n<h2>Projektphasen im \u00dcberblick<\/h2>\n<ul>\n<li>\n<p>        <img decoding=\"async\" src=\"\/wp-content\/uploads\/2022\/02\/MockUp-Methoden-gelb.jpg\" alt=\"Methoden der Zukunftsforschung Szenario Backcasting Delphi Trendcycle auf einem Blatt Papier\"><\/p>\n<h3>Umfragen unter Wirtschaftslenker:innen<\/h3>\n<p>M\u00e4rz 22<\/p>\n<div>\n<p><button class=\"uk-button uk-button-secondary uk-margin-small-right\" type=\"button\" uk-toggle=\"target: #modal-umfrage\">Mehr dazu<\/button><\/p>\n<div id=\"modal-umfrage\" uk-modal=\"\">\n<div class=\"uk-modal-dialog uk-modal-body\">\n<h2 class=\"uk-modal-title\">Umfrage unter Wirtschaftslenker:innen<\/h2>\n<p><em>Untersuchungsgegenstand<\/em><\/p>\n<p>In zwei Befragungen von Wirtschaftslenker:innen europ\u00e4ischer (auch nicht-EU) Unternehmen im M\u00e4rz und Oktober haben wir deren Wahrnehmungen zu Risiken aber auch Chancen erhoben, die eine Neusortierung der Weltordnung mit sich bringen wird. Wir haben dabei auch gew\u00fcnschte Ma\u00dfnahmen erfragt, die zur Minimierung der Risiken und Verfestigung der Chancen beitragen sollen. Zielgruppe waren Personen auf Aufsichtsrats-, Vorstands- oder Gesch\u00e4ftsf\u00fchrungsebene bzw. Analyst:innen von in Europa ans\u00e4ssigen Konzernen oder gehobenem Mittelstand.<\/p>\n<p>Stichprobengr\u00f6\u00dfe: ca. 100 Datens\u00e4tze pro Umfrage<\/p>\n<p><em>Relevanz<\/em><\/p>\n<p>Die erste Erhebung zeichnete ein Bild davon, wie unter dem unmittelbaren Einfluss des Ukraine-Kriegs neue Priorit\u00e4ten in der Denke von Wirtschaftslenker:innen Einfluss nahmen. Die zweite Erhebung mit identischen Fragen soll ein Bild davon liefern, welche Priorit\u00e4ten sich sechs Monate sp\u00e4ter verfestigt haben. Ein Vergleich beider Erhebungen l\u00e4sst R\u00fcckschl\u00fcsse auf gew\u00fcnschte und f\u00fcr umsetzbar gehaltene Zuk\u00fcnfte zu.<\/p>\n<p><em>Aufbereitung der Zwischenergebnisse<\/em><\/p>\n<p>Die Ergebnisse werden in Trendanalysen schriftlich aufbereitet, flie\u00dfen in die Future Labs mit ein und k\u00f6nnen auf Wunsch Unternehmensgremien von Themis Foresight pr\u00e4sentiert und zur Diskussion gestellt werden.<\/p>\n<p class=\"uk-text-right\"><button class=\"uk-button uk-button-default uk-modal-close\" type=\"button\">Schlie\u00dfen<\/button><\/p>\n<\/div>\n<\/div>\n<\/div>\n<\/li>\n<li>\n<p>        <img decoding=\"async\" src=\"\/wp-content\/uploads\/2022\/05\/Gruppenbild-e1653500608926.jpg\" alt=\"\"><\/p>\n<h3>Future Lab I: Hypothesenbildung<\/h3>\n<p>Mai 22<\/p>\n<div>\n<p><button class=\"uk-button uk-button-secondary uk-margin-small-right\" type=\"button\" uk-toggle=\"target: #modal-futurelabi\">Mehr dazu<\/button><\/p>\n<div id=\"modal-futurelabi\" uk-modal=\"\">\n<div class=\"uk-modal-dialog uk-modal-body\">\n<h2 class=\"uk-modal-title\">Future Lab I: Hypothesenbildung<\/h2>\n<p><em>Zukunftselemente der europ\u00e4ischen Wirtschaft<\/em><\/p>\n<p><span>In einem Future Lab am 23. Mai in Berlin lud Themis <\/span><span>Foresight<\/span><span> mehr als 20\u00a0<\/span><span>Wirtschaftslenker:innen und Analyst:innen\u00a0<\/span><span>ein, anhand eines Future Wheels konsequent m\u00f6gliche Folgen des Ukraine-Kriegs auf die globale Wirtschaft und politische Ordnung zu durchdenken und Hypothesen zu formulieren, wie sie sich auf die europ\u00e4ische Wirtschaft auswirken k\u00f6nnen. Dabei werden nicht nur wirtschaftliche Auswirkungen er\u00f6rtert, sondern auch gesellschaftliche, politische, technologische und \u00f6kologische. Die im Future Lab erstellten Hypothesen werden in einer folgenden Delphi-Befragung mit <\/span><span>Executives<\/span><span> der europ\u00e4ischen Wirtschaft und <\/span><span>Policy-Maker:innen<\/span><span> er\u00f6rtert.<\/span><\/p>\n<p><em>Aufbereitung der Zwischenergebnisse<\/em><\/p>\n<p><span>Die Ergebnisse des Future Labs wurden anschlie\u00dfend ausschlie\u00dflich seinen <\/span><span>Teilnehmer:innen<\/span><span> zur Verf\u00fcgung gestellt. Sie konnten in teilnehmenden Unternehmen verwendet werden, d\u00fcrfen jedoch nicht publiziert werden. Sie flossen in die anschlie\u00dfende Befragung der <\/span><span>Executives\u00a0<\/span><span>europ\u00e4ischer Unternehmen ein.<\/span><\/p>\n<p class=\"uk-text-right\"><button class=\"uk-button uk-button-default uk-modal-close\" type=\"button\">Schlie\u00dfen<\/button><\/p>\n<\/div>\n<\/div>\n<\/div>\n<\/li>\n<li>\n<p>        <img decoding=\"async\" src=\"\/wp-content\/uploads\/2022\/05\/DSC_1048.jpg\" alt=\"\"><\/p>\n<h3>Delphi-Befragungen<\/h3>\n<p>Juli-Oktober 22<\/p>\n<div>\n<p><button class=\"uk-button uk-button-secondary uk-margin-small-right\" type=\"button\" uk-toggle=\"target: #modal-delphi\">Mehr dazu<\/button><\/p>\n<div id=\"modal-delphi\" uk-modal=\"\">\n<div class=\"uk-modal-dialog uk-modal-body\">\n<h2 class=\"uk-modal-title\">Delphi-Befragungen<\/h2>\n<p><span>Die Hypothesen aus dem Future Lab I wurden in den letzten Monaten mit einem Expert Panel von ca. 30 <\/span><span>Executives<\/span><span> von in Europa ans\u00e4ssigen Gro\u00dfunternehmen und gehobenem Mittelstand und Politik- und <\/span><span>Sicherheitsexpert:innen<\/span><span> in Tiefeninterviews er\u00f6rtert. Unsere Delphi-Befragung geht in zwei Wellen vonstatten. Zwischen beiden Wellen erhalten die Experten eine Zusammenfassung der Ergebnisse. <\/span><\/p>\n<p><span>Die Delphi-Befragung wird geleitet durch Siv Helen Hesjedal, Senior Researcher bei Themis <\/span><span>Foresight<\/span><span>.<\/span><\/p>\n<p><em>Aufbereitung der Zwischenergebnisse<\/em><\/p>\n<p><span>Die Zwischen- und Endergebnisse der Delphi-Befragung werden synthetisiert und in einer abschlie\u00dfenden Analyse ausgewertet. Sie k\u00f6nnen Partner-Unternehmen auf Wunsch zur Verf\u00fcgung gestellt werden und in Unternehmens-Gremien vorgestellt und diskutiert werden. Eine Weiterverbreitung oder Ver\u00f6ffentlichung dieser Ergebnisse durch Partner-Unternehmen ist nicht gestattet.<\/span><\/p>\n<p class=\"uk-text-right\"><button class=\"uk-button uk-button-default uk-modal-close\" type=\"button\">Schlie\u00dfen<\/button><\/p>\n<\/div>\n<\/div>\n<\/div>\n<\/li>\n<li>\n<p>        <img decoding=\"async\" src=\"\/wp-content\/uploads\/2022\/05\/DSC_0952.jpg\" alt=\"\"><\/p>\n<h3>Future Lab II: Szenarien<\/h3>\n<p>November 22<\/p>\n<div>\n<p><button class=\"uk-button uk-button-secondary uk-margin-small-right\" type=\"button\" uk-toggle=\"target: #modal-futurelabii\">Mehr dazu<\/button><\/p>\n<div id=\"modal-futurelabii\" uk-modal=\"\">\n<div class=\"uk-modal-dialog uk-modal-body\">\n<h2 class=\"uk-modal-title\">Szenarien f\u00fcr die europ\u00e4ische Wirtschaft<\/h2>\n<p><span>Im Future <\/span><span>Lab am <\/span><span>28.<\/span><span> <\/span><span>November <\/span><span>l\u00e4dt <\/span><span>Themis <\/span><span>Foresight<\/span><span> bis zu <\/span><span>25 <\/span><span>Vertreter:innen<\/span><span> aus Unternehmen ein, die Ergebnisse aus den unterschiedlichen Analysen und Befragungen zusammenzutragen und zu Szenarien zu verarbeiten, die m\u00f6gliche, wahrscheinliche und w\u00fcnschenswerte Zuk\u00fcnfte europ\u00e4ischer Unternehmen abbilden und Gestaltungsoptionen benennen. Wir legen dabei Wert darauf, dass es neben positiven auch bewusst negative, dystopische Elemente in der Szenario-Entwicklung gibt. <\/span><\/p>\n<p><em>Teilnahme und Ablauf<\/em><\/p>\n<p><span>Das Future Lab ist ein \u201eInvitation <\/span><span>only<\/span><span>\u201c-Event f\u00fcr <\/span><span>Executives<\/span><span> und\u00a0 <\/span><span>Analyst:innen<\/span><span> aus unterschiedlichen Branchen. Themis <\/span><span>Foresight<\/span><span> wird dar\u00fcber hinaus Sicherheits- und <\/span><span>Politik-Expert:innen<\/span><span> einladen um nichtwirtschaftliche Aspekte in die Diskussion einflie\u00dfen zu lassen. Es gelten Chatham House Rules. Der Ort des Future Labs wird im Juni bekannt gegeben.<\/span><\/p>\n<p><span>Das Future Lab wird geleitet von Jan Berger, CEO Themis <\/span><span>Foresight<\/span><span> und Ewald <\/span><span>B\u00f6hlke<\/span><span>, ehemaliger jahrzehntelanger Zukunftsforscher der Daimler AG.<\/span><\/p>\n<p><em>Aufbereitung der Zwischenergebnisse<\/em><\/p>\n<p><span>Die Ergebnisse des Future Labs werden ausschlie\u00dflich seinen <\/span><span>Teilnehmer:innen<\/span><span> zur Verf\u00fcgung gestellt. Sie k\u00f6nnen in teilnehmenden Unternehmen verwendet, d\u00fcrfen jedoch nicht publiziert werden. Auf Wunsch k\u00f6nnen die Szenarien in Unternehmensgremien von uns vorgestellt und diskutiert werden.<\/span><\/p>\n<p class=\"uk-text-right\"><button class=\"uk-button uk-button-default uk-modal-close\" type=\"button\">Schlie\u00dfen<\/button><\/p>\n<\/div>\n<\/div>\n<\/div>\n<\/li>\n<li>\n<p>        <img decoding=\"async\" src=\"\/wp-content\/uploads\/2022\/03\/01_brochure-mockup_Neue-Welt-e1646808240404.png\" alt=\"\"><\/p>\n<h3>Publikation<\/h3>\n<p>Dezember 22<\/p>\n<div>\n<p><button class=\"uk-button uk-button-secondary uk-margin-small-right\" type=\"button\" uk-toggle=\"target: #modal-publi\">Mehr dazu<\/button><\/p>\n<div id=\"modal-publi\" uk-modal=\"\">\n<div class=\"uk-modal-dialog uk-modal-body\">\n<h2 class=\"uk-modal-title\">Publikation der Ergebnisse<\/h2>\n<p><span>Die Ergebnisse aller vorherigen Arbeiten werden in einer Studie zusammen gefasst. Diese soll Ende diesen \/ Anfang n\u00e4chsten Jahres als Buch ver\u00f6ffentlicht werden.\u00a0<\/span><\/p>\n<p><span>Bei Interesse und vorheriger Mitwirkung im Projekt k\u00f6nnen wir Unternehmen und Verb\u00e4nden anbieten, die Publikation der Studie f\u00fcr ihre eigene \u00d6ffentlichkeitsarbeit zu nutzen, z.B. in Form einer Schirmherrschaft \u00fcber das Gesamtprojekt, Logo-Platzierung in der Publikation und auf Landing Pages zum Projekt oder Gru\u00dfworten bzw. Interviews in der Publikation. Wir sind bereit, die Studie zusammen mit Partnerunternehmen auf Konferenzen, <\/span><span>Gremiensit<\/span><span>-zungen, Kamingespr\u00e4chen usw. vorzustellen.<\/span><\/p>\n<p class=\"uk-text-right\"><button class=\"uk-button uk-button-default uk-modal-close\" type=\"button\">Schlie\u00dfen<\/button><\/p>\n<\/div>\n<\/div>\n<\/div>\n<\/li>\n<\/ul>\n<h2>Expert:innen<\/h2>\n<p><img decoding=\"async\" src=\"\/wp-content\/uploads\/2022\/06\/Jan-Berger-1.jpg\" alt=\"\"><\/p>\n<h2>Jan Berger<\/h2>\n<hr>\n<div>\n<p><span>Jan Berger hat Themis Foresight gegr\u00fcndet, um wirtschaftliche, technologische, gesellschaftliche und politische Treiber zuk\u00fcnftiger Ver\u00e4nderungen zu antizipieren. Ihn und sein Team treibt die \u00dcberzeugung an, dass herausragende Zukunftsforschung der entscheidende Erfolgsschl\u00fcssel f\u00fcr die strategische Ausrichtung der europ\u00e4ischen Wirtschafts- und Unternehmerelite ist. Dementsprechend hat er der Forschungsarbeit von Themis Foresight f\u00fcr den europ\u00e4ischen Raum einzigartige Qualit\u00e4tsanspr\u00fcche in die DNA geschrieben.<\/span><\/p>\n<p>Der Historiker und Slawist\u00a0hat auf vier Kontinenten gelebt und gearbeitet. Er war in F\u00fchrungspositionen von Konzernen und Startups. Sein beruflicher Werdegang f\u00fchrte ihn durchs Verlagswesen, die Immobilien-, IT- und Finanzwirtschaft. Bis zur Gr\u00fcndung von Themis Foresight war er zuletzt sieben Jahre lang Gesch\u00e4ftsf\u00fchrer der 2b AHEAD ThinkTank GmbH. Dort leitete er insbesondere das Forschungsteam des ThinkTank Universums. Seinen Ausgleich findet Jan in vielen intellektuellen Interessen. Ruhe, Energie und Anregungen tankt er in seinem privaten Familiendomizil in Bulgarien, wohin er mehrmals im Jahr Freunde und Bekannte zum Ideen- und Erfahrungsaustausch zusammenf\u00fchrt.<\/p>\n<p>Er leitet das Projekt zur Zukunft der europ\u00e4ischen Wirtschaft.<\/p>\n<\/div>\n<p><img decoding=\"async\" src=\"\/wp-content\/uploads\/2022\/06\/Siv-Hesjedal-web-500x500-2.jpg\" alt=\"\"><\/p>\n<h2>Siv Helen Hesjedal<\/h2>\n<hr>\n<div>\n<p>Siv Helen Hesjedal ist eine professionelle Zukunftsforscherin und Strategin mit mehr als 20 Jahren internationaler Erfahrung im strategischen Management und Futures. Nach fast zwei Jahrzehnten in S\u00fcdafrika arbeitet sie nun in Europa und unterst\u00fctzt unser Team mit ihrer Erfahrung und Leidenschaft aus Norwegen. Sie verbrachte 18 Jahre beim Eastern Cape Socio-Economic Consultative Council (ECSECC), wo sie zuletzt Chief Knowledge and Operations Officer war.\u00a0In dieser Funktion war sie f\u00fcr die Entwicklung und Umsetzung der Unternehmensstrategie verantwortlich. Siv hat als strategische Beraterin f\u00fcr hochrangige politische und industrielle F\u00fchrungskr\u00e4fte gearbeitet. Sie unterst\u00fctzte Managementteams in verschiedenen Branchen bei der Entwicklung nachhaltiger Strategien und begleitete sie bei den daraus resultierenden organisatorischen Ver\u00e4nderungsprozessen. Ihre Strategiearbeit umfasste die Bereiche Unternehmensentwicklung, Landwirtschaft, Personalentwicklung, digitale Transformation, Business Intelligence und mehr. Ihre Leidenschaft ist es, Wissen \u00fcber die Zukunft in Entscheidungen und Handlungen in der Gegenwart umzusetzen. \u00a0<\/p>\n<p>Gemeinsam mit Jan Berger arbeitet sie an dem Projekt &#8220;Die Zukunft der europ\u00e4ischen Wirtschaft&#8221; und hat dazu zahlreiche Expertinnen weltweit befragt.<\/p>\n<\/div>\n<h2>Anmeldung<\/h2>\n<div>\n<p><span>Das Future Lab ist ein \u201eInvitation <\/span><span>Only<\/span><span>\u201c-Event. <\/span><span>Es gelten Chatham House Rules. Wenn Sie eine Einladung von uns erhalten haben, freuen wir uns hier sehr \u00fcber die Best\u00e4tigung Ihrer Teilnahme. Bei Fragen k\u00f6nnen Sie sich gerne an <a href=\"mailto:contact@themis-foresight.com\">contact@themis-foresight.com<\/a>\u00a0wenden oder telefonisch unter<\/span>\u00a0<a href=\"tel:+491707277325\">+49 (0) 170 72 77 325<\/a> bei uns melden.<\/p>\n<\/div>\n<div>\n<noscript class=\"ninja-forms-noscript-message\">\n\tNotice: JavaScript is required for this content.<\/noscript>\n<div id=\"nf-form-23-cont\" class=\"nf-form-cont\" aria-live=\"polite\" aria-labelledby=\"nf-form-title-23\" aria-describedby=\"nf-form-errors-23\" role=\"form\">\n\n    <div class=\"nf-loading-spinner\"><\/div>\n\n<\/div>\n        <!-- That data is being printed as a workaround to page builders reordering the order of the scripts loaded-->\n        <script>var formDisplay=1;var nfForms=nfForms||[];var form=[];form.id='23';form.settings={\"objectType\":\"Form Setting\",\"editActive\":true,\"title\":\"Future Lab - Anmeldung\",\"created_at\":\"2022-10-22 19:54:27\",\"default_label_pos\":\"above\",\"show_title\":\"0\",\"clear_complete\":\"1\",\"hide_complete\":\"0\",\"logged_in\":\"\",\"wrapper_class\":\"\",\"element_class\":\"\",\"key\":\"\",\"add_submit\":\"1\",\"currency\":\"\",\"repeatable_fieldsets\":\"\",\"unique_field_error\":\"Ein Formular mit diesen Daten wurde bereits \\u00fcbermittelt.\",\"not_logged_in_msg\":\"\",\"sub_limit_msg\":\"The form has reached its submission limit.\",\"calculations\":[],\"formContentData\":[\"firstname_1656321348358\",\"nachname_1656408048433\",\"unternehmen_1666461370757\",\"email_1656321376257\",\"anmerkungen_1666461328910\",\"test_1656406653686\",\"checkbox_1656323265358\",\"abschicken_1656324216784\"],\"changeEmailErrorMsg\":\"Bitte geben Sie eine g\\u00fcltige E-Mail-Adresse ein.\",\"changeDateErrorMsg\":\"Bitte geben Sie ein g\\u00fcltiges Datum ein!\",\"confirmFieldErrorMsg\":\"These fields must match!\",\"fieldNumberNumMinError\":\"Number Min Error\",\"fieldNumberNumMaxError\":\"Number Max Error\",\"fieldNumberIncrementBy\":\"Please increment by \",\"formErrorsCorrectErrors\":\"Bitte korrigieren Sie die Fehler, bevor Sie das Formular senden.\",\"validateRequiredField\":\"This is a required field.\",\"honeypotHoneypotError\":\"Honeypot Error\",\"fieldsMarkedRequired\":\"Fields marked with an <span class=\\\"ninja-forms-req-symbol\\\">*<\\\/span> are required\",\"drawerDisabled\":false,\"allow_public_link\":0,\"embed_form\":\"\",\"form_title_heading_level\":\"3\",\"ninjaForms\":\"Ninja Forms\",\"fieldTextareaRTEInsertLink\":\"Insert Link\",\"fieldTextareaRTEInsertMedia\":\"Insert Media\",\"fieldTextareaRTESelectAFile\":\"Select a file\",\"formHoneypot\":\"If you are a human seeing this field, please leave it empty.\",\"fileUploadOldCodeFileUploadInProgress\":\"File Upload in Progress.\",\"fileUploadOldCodeFileUpload\":\"FILE UPLOAD\",\"currencySymbol\":\"&#36;\",\"thousands_sep\":\",\",\"decimal_point\":\".\",\"siteLocale\":\"en_US\",\"dateFormat\":\"m\\\/d\\\/Y\",\"startOfWeek\":\"1\",\"of\":\"of\",\"previousMonth\":\"Previous Month\",\"nextMonth\":\"Next Month\",\"months\":[\"January\",\"February\",\"March\",\"April\",\"May\",\"June\",\"July\",\"August\",\"September\",\"October\",\"November\",\"December\"],\"monthsShort\":[\"Jan\",\"Feb\",\"Mar\",\"Apr\",\"May\",\"Jun\",\"Jul\",\"Aug\",\"Sep\",\"Oct\",\"Nov\",\"Dec\"],\"weekdays\":[\"Sunday\",\"Monday\",\"Tuesday\",\"Wednesday\",\"Thursday\",\"Friday\",\"Saturday\"],\"weekdaysShort\":[\"Sun\",\"Mon\",\"Tue\",\"Wed\",\"Thu\",\"Fri\",\"Sat\"],\"weekdaysMin\":[\"Su\",\"Mo\",\"Tu\",\"We\",\"Th\",\"Fr\",\"Sa\"],\"recaptchaConsentMissing\":\"reCaptcha validation couldn&#039;t load.\",\"recaptchaMissingCookie\":\"reCaptcha v3 validation couldn&#039;t load the cookie needed to submit the form.\",\"recaptchaConsentEvent\":\"Accept reCaptcha cookies before sending the form.\",\"currency_symbol\":\"\",\"beforeForm\":\"\",\"beforeFields\":\"\",\"afterFields\":\"\",\"afterForm\":\"\"};form.fields=[{\"objectType\":\"Field\",\"objectDomain\":\"fields\",\"editActive\":false,\"order\":1,\"idAttribute\":\"id\",\"label\":\"Vorname\",\"type\":\"firstname\",\"key\":\"firstname_1656321348358\",\"label_pos\":\"hidden\",\"required\":1,\"default\":\"\",\"placeholder\":\"Vorname*\",\"container_class\":\"\",\"element_class\":\"\",\"admin_label\":\"\",\"help_text\":\"\",\"custom_name_attribute\":\"fname\",\"personally_identifiable\":1,\"value\":\"\",\"drawerDisabled\":\"\",\"field_label\":\"Vorname\",\"field_key\":\"firstname_1656321348358\",\"id\":152,\"beforeField\":\"\",\"afterField\":\"\",\"parentType\":\"firstname\",\"element_templates\":[\"firstname\",\"input\"],\"old_classname\":\"\",\"wrap_template\":\"wrap\"},{\"objectType\":\"Field\",\"objectDomain\":\"fields\",\"editActive\":false,\"order\":2,\"idAttribute\":\"id\",\"label\":\"Nachname\",\"type\":\"lastname\",\"key\":\"nachname_1656408048433\",\"label_pos\":\"hidden\",\"required\":1,\"default\":\"\",\"placeholder\":\"Nachname*\",\"container_class\":\"\",\"element_class\":\"\",\"admin_label\":\"\",\"help_text\":\"\",\"custom_name_attribute\":\"lname\",\"personally_identifiable\":1,\"value\":\"\",\"drawerDisabled\":\"\",\"field_label\":\"Nachname\",\"field_key\":\"nachname_1656408048433\",\"id\":153,\"beforeField\":\"\",\"afterField\":\"\",\"parentType\":\"lastname\",\"element_templates\":[\"lastname\",\"input\"],\"old_classname\":\"\",\"wrap_template\":\"wrap\"},{\"objectType\":\"Field\",\"objectDomain\":\"fields\",\"editActive\":false,\"order\":2,\"idAttribute\":\"id\",\"label\":\"Unternehmen\",\"type\":\"lastname\",\"key\":\"unternehmen_1666461370757\",\"label_pos\":\"hidden\",\"required\":1,\"default\":\"\",\"placeholder\":\"Unternehmen*\",\"container_class\":\"\",\"element_class\":\"\",\"admin_label\":\"\",\"help_text\":\"\",\"custom_name_attribute\":\"lname\",\"personally_identifiable\":1,\"value\":\"\",\"drawerDisabled\":false,\"field_label\":\"Nachname\",\"field_key\":\"nachname_1656408048433\",\"id\":159,\"beforeField\":\"\",\"afterField\":\"\",\"parentType\":\"lastname\",\"element_templates\":[\"lastname\",\"input\"],\"old_classname\":\"\",\"wrap_template\":\"wrap\"},{\"objectType\":\"Field\",\"objectDomain\":\"fields\",\"editActive\":false,\"order\":3,\"idAttribute\":\"id\",\"label\":\"E-Mail Adresse\",\"type\":\"email\",\"key\":\"email_1656321376257\",\"label_pos\":\"hidden\",\"required\":1,\"default\":\"\",\"placeholder\":\"E-Mail Adresse*\",\"container_class\":\"\",\"element_class\":\"\",\"admin_label\":\"\",\"help_text\":\"\",\"custom_name_attribute\":\"email\",\"personally_identifiable\":1,\"value\":\"\",\"drawerDisabled\":\"\",\"manual_key\":1,\"field_label\":\"E-Mail Adresse\",\"field_key\":\"email_1656321376257\",\"id\":154,\"beforeField\":\"\",\"afterField\":\"\",\"parentType\":\"email\",\"element_templates\":[\"email\",\"input\"],\"old_classname\":\"\",\"wrap_template\":\"wrap\"},{\"objectType\":\"Field\",\"objectDomain\":\"fields\",\"editActive\":false,\"order\":4,\"idAttribute\":\"id\",\"label\":\"Anmerkungen?\",\"type\":\"textarea\",\"key\":\"anmerkungen_1666461328910\",\"label_pos\":\"hidden\",\"required\":0,\"default\":\"\",\"placeholder\":\"Weitere Anmerkungen\",\"container_class\":\"\",\"element_class\":\"\",\"input_limit\":\"\",\"input_limit_type\":\"characters\",\"input_limit_msg\":\"verbleibende(s) Zeichen\",\"manual_key\":\"\",\"admin_label\":\"\",\"help_text\":\"\",\"textarea_rte\":\"\",\"disable_rte_mobile\":\"\",\"textarea_media\":\"\",\"value\":\"\",\"drawerDisabled\":false,\"field_label\":\"Ihre Nachricht\",\"field_key\":\"ihre_nachricht_1656408053751\",\"id\":155,\"beforeField\":\"\",\"afterField\":\"\",\"parentType\":\"textarea\",\"element_templates\":[\"textarea\",\"input\"],\"old_classname\":\"\",\"wrap_template\":\"wrap\"},{\"objectType\":\"Field\",\"objectDomain\":\"fields\",\"editActive\":false,\"order\":5,\"idAttribute\":\"id\",\"label\":\"\",\"type\":\"html\",\"default\":\"<div style=\\\"font-size: 10px;\\\"><span style=\\\"font-size: 9px;\\\">Mit Ihrer Anmeldung best\\u00e4tigen Sie, unseren&nbsp;<\\\/span><a href=\\\"https:\\\/\\\/themis-foresight.com\\\/datenschutz\\\/\\\" title=\\\"Datenschutz\\\" style=\\\"font-size: 9px;\\\">Datenschutz<\\\/a><span style=\\\"font-size: 10px;\\\">, sowie unsere&nbsp;<\\\/span><a href=\\\"https:\\\/\\\/themis-foresight.com\\\/agb-und-widerrufsbelehrung\\\/\\\" title=\\\"AGB und Widerrufsbelehrung\\\" style=\\\"font-size: 10px;\\\">AGB und Widerrufsbelehrung<\\\/a><span style=\\\"font-size: 10px;\\\">&nbsp;zur Kenntnis genommen zu haben.&nbsp;Mit Teilnahme an der Veranstaltung erkl\\u00e4ren Sie sich damit einverstanden, dass die von Ihnen in Zusammenhang mit der Teilnahme gemachten Fotos genutzt, verbreitet und ver\\u00f6ffentlicht werden d\\u00fcrfen.<\\\/span><br><\\\/div>\\n<div style=\\\"font-size: 10px;\\\"><br><a style=\\\"color:red\\\">*<\\\/a>Erforderliche Felder<\\\/div>\",\"container_class\":\"\",\"element_class\":\"\",\"key\":\"test_1656406653686\",\"drawerDisabled\":false,\"field_label\":\"\",\"field_key\":\"test_1656406653686\",\"admin_label\":\"\",\"id\":158,\"beforeField\":\"\",\"afterField\":\"\",\"value\":\"<div style=\\\"font-size: 10px;\\\"><span style=\\\"font-size: 9px;\\\">Mit Ihrer Anmeldung best\\u00e4tigen Sie, unseren&nbsp;<\\\/span><a href=\\\"https:\\\/\\\/themis-foresight.com\\\/datenschutz\\\/\\\" title=\\\"Datenschutz\\\" style=\\\"font-size: 9px;\\\">Datenschutz<\\\/a><span style=\\\"font-size: 10px;\\\">, sowie unsere&nbsp;<\\\/span><a href=\\\"https:\\\/\\\/themis-foresight.com\\\/agb-und-widerrufsbelehrung\\\/\\\" title=\\\"AGB und Widerrufsbelehrung\\\" style=\\\"font-size: 10px;\\\">AGB und Widerrufsbelehrung<\\\/a><span style=\\\"font-size: 10px;\\\">&nbsp;zur Kenntnis genommen zu haben.&nbsp;Mit Teilnahme an der Veranstaltung erkl\\u00e4ren Sie sich damit einverstanden, dass die von Ihnen in Zusammenhang mit der Teilnahme gemachten Fotos genutzt, verbreitet und ver\\u00f6ffentlicht werden d\\u00fcrfen.<\\\/span><br><\\\/div>\\n<div style=\\\"font-size: 10px;\\\"><br><a style=\\\"color:red\\\">*<\\\/a>Erforderliche Felder<\\\/div>\",\"label_pos\":\"above\",\"parentType\":\"html\",\"element_templates\":[\"html\",\"input\"],\"old_classname\":\"\",\"wrap_template\":\"wrap\"},{\"objectType\":\"Field\",\"objectDomain\":\"fields\",\"editActive\":false,\"order\":6,\"idAttribute\":\"id\",\"type\":\"checkbox\",\"label\":\"\",\"key\":\"checkbox_1656323265358\",\"label_pos\":\"below\",\"required\":1,\"container_class\":\"\",\"element_class\":\"\",\"manual_key\":\"\",\"admin_label\":\"\",\"help_text\":\"\",\"desc_text\":\"Ja, ich best\\u00e4tige.\",\"default_value\":\"unchecked\",\"checked_value\":\"Ausgew\\u00e4hlt\",\"unchecked_value\":\"Nicht ausgew\\u00e4hlt\",\"checked_calc_value\":\"\",\"unchecked_calc_value\":\"\",\"drawerDisabled\":false,\"field_label\":\"\",\"field_key\":\"checkbox_1656323265358\",\"id\":156,\"beforeField\":\"\",\"afterField\":\"\",\"value\":\"\",\"parentType\":\"checkbox\",\"element_templates\":[\"checkbox\",\"input\"],\"old_classname\":\"\",\"wrap_template\":\"wrap\"},{\"objectType\":\"Field\",\"objectDomain\":\"fields\",\"editActive\":false,\"order\":7,\"idAttribute\":\"id\",\"type\":\"submit\",\"label\":\"Abschicken\",\"processing_label\":\"Verarbeite\",\"container_class\":\"\",\"element_class\":\"\",\"key\":\"abschicken_1656324216784\",\"drawerDisabled\":false,\"field_label\":\"Abschicken\",\"field_key\":\"abschicken_1656324216784\",\"admin_label\":\"\",\"id\":157,\"beforeField\":\"\",\"afterField\":\"\",\"value\":\"\",\"label_pos\":\"above\",\"parentType\":\"textbox\",\"element_templates\":[\"submit\",\"button\",\"input\"],\"old_classname\":\"\",\"wrap_template\":\"wrap-no-label\"}];nfForms.push(form);<\/script>\n        <\/div>\n<ul>\n<li>\n<p>        <img decoding=\"async\" src=\"\/wp-content\/uploads\/2022\/10\/DSC_1149.jpg\" alt=\"\"><\/p>\n<h3>DSC_1149<\/h3>\n<\/li>\n<li>\n<p>        <img decoding=\"async\" src=\"\/wp-content\/uploads\/2022\/10\/DSC_0892.jpg\" alt=\"\"><\/p>\n<h3>DSC_0892<\/h3>\n<\/li>\n<li>\n<p>        <img decoding=\"async\" src=\"\/wp-content\/uploads\/2022\/10\/DSC_0835.jpg\" alt=\"\"><\/p>\n<h3>DSC_0835<\/h3>\n<\/li>\n<li>\n<p>        <img decoding=\"async\" src=\"\/wp-content\/uploads\/2022\/10\/DSC_0863.jpg\" alt=\"\"><\/p>\n<h3>DSC_0863<\/h3>\n<\/li>\n<li>\n<p>        <img decoding=\"async\" src=\"\/wp-content\/uploads\/2022\/10\/DSC_0867.jpg\" alt=\"\"><\/p>\n<h3>DSC_0867<\/h3>\n<\/li>\n<li>\n<p>        <img decoding=\"async\" src=\"\/wp-content\/uploads\/2022\/10\/DSC_1128.jpg\" alt=\"\"><\/p>\n<h3>DSC_1128<\/h3>\n<\/li>\n<li>\n<p>        <img decoding=\"async\" src=\"\/wp-content\/uploads\/2022\/10\/DSC_0822.jpg\" alt=\"\"><\/p>\n<h3>DSC_0822<\/h3>\n<\/li>\n<li>\n<p>        <img decoding=\"async\" src=\"\/wp-content\/uploads\/2022\/10\/DSC_0823.jpg\" alt=\"\"><\/p>\n<h3>DSC_0823<\/h3>\n<\/li>\n<li>\n<p>        <img decoding=\"async\" src=\"\/wp-content\/uploads\/2022\/10\/DSC_0828.jpg\" alt=\"\"><\/p>\n<h3>DSC_0828<\/h3>\n<\/li>\n<li>\n<p>        <img decoding=\"async\" src=\"\/wp-content\/uploads\/2022\/10\/DSC_0839.jpg\" alt=\"\"><\/p>\n<h3>DSC_0839<\/h3>\n<\/li>\n<li>\n<p>        <img decoding=\"async\" src=\"\/wp-content\/uploads\/2022\/10\/DSC_0862.jpg\" alt=\"\"><\/p>\n<h3>DSC_0862<\/h3>\n<\/li>\n<li>\n<p>        <img decoding=\"async\" src=\"\/wp-content\/uploads\/2022\/10\/DSC_0949.jpg\" alt=\"\"><\/p>\n<h3>DSC_0949<\/h3>\n<\/li>\n<li>\n<p>        <img decoding=\"async\" src=\"\/wp-content\/uploads\/2022\/10\/DSC_0952.jpg\" alt=\"\"><\/p>\n<h3>DSC_0952<\/h3>\n<\/li>\n<li>\n<p>        <img decoding=\"async\" src=\"\/wp-content\/uploads\/2022\/10\/DSC_1020.jpg\" alt=\"\"><\/p>\n<h3>DSC_1020<\/h3>\n<\/li>\n<li>\n<p>        <img decoding=\"async\" src=\"\/wp-content\/uploads\/2022\/10\/DSC_0981.jpg\" alt=\"\"><\/p>\n<h3>DSC_0981<\/h3>\n<\/li>\n<\/ul>\n<p><!--more--><br \/>\n<!-- {\"type\":\"layout\",\"children\":[{\"type\":\"section\",\"props\":{\"style\":\"default\",\"width\":\"expand\",\"vertical_align\":\"middle\",\"title_position\":\"top-left\",\"title_rotation\":\"left\",\"title_breakpoint\":\"xl\",\"image_position\":\"center-center\",\"padding_remove_bottom\":true},\"children\":[{\"type\":\"row\",\"props\":{\"layout\":\"1-2,1-2\"},\"children\":[{\"type\":\"column\",\"props\":{\"image_position\":\"center-center\",\"media_overlay_gradient\":\"\",\"width_medium\":\"\",\"style\":\"primary\",\"width_large\":\"1-2\",\"position_sticky_breakpoint\":\"m\"},\"children\":[{\"type\":\"image\",\"props\":{\"margin\":\"default\",\"image_svg_color\":\"emphasis\",\"image_width\":\"1200\",\"animation\":\"parallax\",\"parallax_breakpoint\":\"l\",\"parallax_x\":\"150,0\",\"parallax_easing\":\"1\",\"image\":\"wp-content\\\/uploads\\\/2022\\\/05\\\/DSC_0862.jpg\",\"image_alt\":\"\",\"position\":\"relative\",\"position_right\":\"2\"}}]},{\"type\":\"column\",\"props\":{\"image_position\":\"center-center\",\"media_overlay_gradient\":\"\",\"width_medium\":\"\",\"vertical_align\":\"middle\",\"width_large\":\"1-2\",\"position_sticky_breakpoint\":\"m\"},\"children\":[{\"type\":\"text\",\"props\":{\"margin\":\"\",\"column_breakpoint\":\"m\",\"maxwidth\":\"large\",\"block_align\":\"center\",\"text_style\":\"large\",\"visibility\":\"l\",\"content\":\"\n\n<p><time datetime=\\\"2017-05-12T13:52:00+00:00\\\">28.11.2022 - Future Lab<\\\/time><\\\/p>\"}},{\"type\":\"headline\",\"props\":{\"title_element\":\"h1\",\"animation\":\"parallax\",\"maxwidth\":\"large\",\"block_align\":\"center\",\"margin\":\"default\",\"title_style\":\"heading-medium\",\"title_color\":\"primary\",\"visibility\":\"l\",\"parallax_easing\":\"1\",\"content\":\"\n\n<p>Szenarien\\u00a0f\\u00fcr die europ\\u00e4ische Wirtschaft<\\\/p>\"}}]}]}],\"name\":\"Hero\"},{\"type\":\"section\",\"props\":{\"style\":\"default\",\"width\":\"\",\"vertical_align\":\"middle\",\"title_position\":\"top-left\",\"title_rotation\":\"left\",\"title_breakpoint\":\"xl\",\"image_position\":\"center-center\",\"padding\":\"xsmall\"},\"children\":[{\"type\":\"row\",\"props\":{\"width\":\"small\",\"margin\":\"large\"},\"children\":[{\"type\":\"column\",\"props\":{\"image_position\":\"center-center\",\"media_overlay_gradient\":\"\",\"position_sticky_breakpoint\":\"m\"},\"children\":[{\"type\":\"headline\",\"props\":{\"title_element\":\"h1\",\"margin\":\"default\",\"title_style\":\"heading-small\",\"title_color\":\"primary\",\"visibility\":\"hidden-l\",\"content\":\"Szenarien f\\u00fcr die europ\\u00e4ische Wirtschaft\"}},{\"type\":\"text\",\"props\":{\"margin\":\"\",\"column_breakpoint\":\"m\",\"text_style\":\"lead\",\"visibility\":\"hidden-l\",\"content\":\"\n\n<p>28.11.2022 - Future Lab<\\\/p>\"}},{\"type\":\"divider\",\"props\":{\"divider_element\":\"hr\"}}]}]}],\"name\":\"Post\"},{\"type\":\"section\",\"props\":{\"style\":\"default\",\"width\":\"default\",\"vertical_align\":\"middle\",\"title_position\":\"top-left\",\"title_rotation\":\"left\",\"title_breakpoint\":\"xl\",\"image_position\":\"center-center\",\"padding\":\"small\"},\"children\":[{\"type\":\"row\",\"children\":[{\"type\":\"column\",\"props\":{\"position_sticky_breakpoint\":\"m\",\"image_position\":\"center-center\",\"media_overlay_gradient\":\"\"},\"children\":[{\"type\":\"subnav\",\"props\":{\"text_align\":\"center\",\"subnav_style\":\"divider\"},\"children\":[{\"type\":\"subnav_item\",\"props\":{\"content\":\"Das Projekt\",\"link\":\"#projekt\"}},{\"type\":\"subnav_item\",\"props\":{\"content\":\"Location\",\"link\":\"#location\"}},{\"type\":\"subnav_item\",\"props\":{\"content\":\"Agenda\",\"link\":\"#agenda\"}},{\"type\":\"subnav_item\",\"props\":{\"content\":\"Projektphasen\",\"link\":\"#projektphasen\"}},{\"type\":\"subnav_item\",\"props\":{\"content\":\"Expert:innen\",\"link\":\"#experten\"}},{\"type\":\"subnav_item\",\"props\":{\"content\":\"Zur Anmeldung\",\"link\":\"#anmeldung\"}}]}]}]}],\"name\":\"navigation\"},{\"name\":\"Projekt\",\"type\":\"section\",\"props\":{\"style\":\"default\",\"width\":\"default\",\"id\":\"projekt\",\"animation\":\"slide-bottom-medium\",\"animation_delay\":\"200\",\"image_position\":\"center-right\",\"image\":\"\",\"padding\":\"xlarge\",\"image_fixed\":true,\"vertical_align\":\"middle\",\"title_position\":\"top-left\",\"title_rotation\":\"left\",\"title_breakpoint\":\"xl\",\"image_effect\":\"parallax\",\"image_parallax_breakpoint\":\"m\",\"image_parallax_bgy\":\"50,-100\",\"image_parallax_easing\":\"1\"},\"children\":[{\"name\":\"\",\"type\":\"row\",\"props\":{\"layout\":\"2-3,1-3\",\"vertical_align\":true},\"children\":[{\"name\":\"\",\"type\":\"column\",\"props\":{\"image_position\":\"center-center\",\"vertical_align\":\"middle\",\"media_overlay_gradient\":\"\",\"width_medium\":\"2-3\",\"position_sticky_breakpoint\":\"m\"},\"children\":[{\"name\":\"\",\"type\":\"image\",\"props\":{\"margin\":\"default\",\"image\":\"wp-content\\\/uploads\\\/2022\\\/10\\\/DSC_1020.jpg\",\"image_box_shadow\":\"xlarge\",\"image_width\":\"899\",\"image_svg_color\":\"emphasis\"}}]},{\"name\":\"\",\"type\":\"column\",\"props\":{\"image_position\":\"center-center\",\"vertical_align\":\"middle\",\"media_overlay_gradient\":\"\",\"width_medium\":\"1-3\",\"position_sticky_breakpoint\":\"m\"},\"children\":[{\"name\":\"\",\"type\":\"headline\",\"props\":{\"title_element\":\"h2\",\"content\":\"Das Projekt<br \\\/><br \\\/><span><\\\/span>\",\"title_style\":\"heading-small\",\"title_color\":\"background\"}}]}]},{\"name\":\"\",\"type\":\"row\",\"props\":{\"layout\":\"1-2,1-2\",\"vertical_align\":false},\"children\":[{\"name\":\"\",\"type\":\"column\",\"props\":{\"image_position\":\"center-center\",\"media_overlay_gradient\":\"\",\"width_medium\":\"1-2\",\"position_sticky_breakpoint\":\"m\"},\"children\":[{\"name\":\"\",\"type\":\"headline\",\"props\":{\"title_element\":\"h3\",\"content\":\"Hintergrund\",\"class\":\"uk-card-title\"}},{\"name\":\"\",\"type\":\"text\",\"props\":{\"column_breakpoint\":\"m\",\"margin\":\"default\",\"content\":\"\n\n<p><span>Sp\\u00e4testens jetzt bekommen<\\\/span><span> <\\\/span><span>viele<\\\/span><span> <\\\/span><span>europ\\u00e4ische Unternehmen di<\\\/span><span>e<\\\/span><span> Auswirkungen des 24. Februar zu sp\\u00fcren. Seit damals steht fest, dass die Weltordnung, wie sie zum Ende des Kalten Kriegs etabliert wurde, nicht \\u201edas Ende der Geschichte\\u201c darstellte. Sie ist selbst zur Geschichte geworden.<\\\/span><\\\/p>\\n\n\n<p><span>Als Corporate <\\\/span><span>Foresight<\\\/span><span>-Unternehmen und Thinktank ist es unsere Aufgabe zu antizipieren, welche m\\u00f6glichen, wahrscheinlichen und w\\u00fcnschenswerte Zuk\\u00fcnfte uns erwarten. Es gilt auszuloten, wo Handlungsspielr\\u00e4ume f\\u00fcr Unternehmen eingeschr\\u00e4nkt oder aber auch erweitert werden k\\u00f6nnen. Welche Mittel und M\\u00f6glichkeiten existieren, um langfristigen negativen Auswirkungen entgegenzuwirken? Und welche Chancen bieten sich in dieser neuen Lage, langfristig das Gesch\\u00e4ft europ\\u00e4ischer Unternehmen zu sichern? <\\\/span><\\\/p>\\n\n\n<p><span>Gerade <\\\/span><span>ein Zeitpunkt, an dem wir vor einer <\\\/span><span>Reihe von<\\\/span><span> <\\\/span><span>Krisen <\\\/span><span>stehen, ist ideal, um <\\\/span><span>Gestaltungsoptionen zu schaffen und Unternehmen langfristig resilienter zu machen. Die aktive Auseinandersetzung mit Zuk\\u00fcnften verleiht Handlungssicherheit und weitet den Blick f\\u00fcr richtungsweisende Entscheidungen, die heute getroffen werden m\\u00fcssen.<\\\/span><\\\/p>\"}}]},{\"name\":\"\",\"type\":\"column\",\"props\":{\"image_position\":\"center-center\",\"media_overlay_gradient\":\"\",\"width_medium\":\"1-2\",\"position_sticky_breakpoint\":\"m\"},\"children\":[{\"name\":\"\",\"type\":\"headline\",\"props\":{\"title_element\":\"h3\",\"content\":\"Die Studie\",\"class\":\"uk-card-title\"}},{\"name\":\"\",\"type\":\"text\",\"props\":{\"column_breakpoint\":\"m\",\"margin\":\"default\",\"content\":\"\n\n<p><span>Bereits im M\\u00e4rz hat Themis <\\\/span><span>Foresight<\\\/span><span> ein Studienprojekt gestartet, dessen Ziel es ist, Zuk\\u00fcnfte f\\u00fcr deutsche und europ\\u00e4ische Wirtschafts-unternehmen in einer neuen Weltordnung zu entwickeln. Das soll <\\\/span><span>Wirtschaftslenker:innen<\\\/span><span> dabei helfen, ihre Unternehmen auf Volatilit\\u00e4ten, Unsicherheiten, Komplexit\\u00e4t und Mehrdeutigkeiten der n\\u00e4chsten Jahrzehnte einzustellen und Einfluss zu nehmen auf die politische Ausgestaltung der Zukunft. <\\\/span><\\\/p>\\n\n\n<p><span>Das Projekt bedient sich wissenschaftlicher Erkenntnisstrategien und befindet sich in einer der letzten Forschungsphasen. In den letzten Wochen und Monaten haben wir <\\\/span><span>die<\\\/span><span> <\\\/span><span>im<\\\/span><span> <\\\/span><span>Mai<\\\/span><span> <\\\/span><span>erarbeiteten<\\\/span><span> <\\\/span><span>Hypothesen <\\\/span><span>in einer Delphi-Befragung mit weltweiten <\\\/span><span>Expert:innen<\\\/span><span> gepr\\u00fcft. Im n\\u00e4chsten Schritt geht es darum, konkrete Szenarien auszuarbeiten.<\\\/span><\\\/p>\\n\n\n<p><span>In einem Future Lab am 28. November laden wir deshalb 25 <\\\/span><span>Vertreter:innen<\\\/span><span> aus Unternehmen ein, um <\\\/span><span>\\u00fcber diese Szenarien zu diskutieren.<\\\/span><span> Dabei geht es auch darum, sich mit <\\\/span><span>Analyst:innen<\\\/span><span> <\\\/span><span>sowie hochrangigen <\\\/span><span>Executives<\\\/span><span> unterschiedlicher Branchen in einem gesch\\u00fctzten Raum austauschen zu k\\u00f6nnen.<\\\/span><\\\/p>\\n\n\n<p><span>Themis <\\\/span><span>Foresight<\\\/span><span> wird dar\\u00fcber hinaus Sicherheits- und <\\\/span><span>Politik-Expert:innen<\\\/span><span> einladen um nichtwirtschaftliche Aspekte in die Diskussion einflie\\u00dfen zu lassen.<\\\/span><\\\/p>\\n\n\n<p><span>Das Future Lab ist ein \\u201eInvitation <\\\/span><span>Only<\\\/span><span>\\u201c-Event. <\\\/span><span>Es gelten Chatham House Rules. Geleitet wird es<\\\/span><span> <\\\/span><span>von Jan Berger, CEO Themis <\\\/span><span>Foresight<\\\/span><span> und Ewald <\\\/span><span>B\\u00f6hlke<\\\/span><span>, ehemaliger jahrzehntelanger Zukunftsforscher der Daimler AG.\\u00a0<\\\/span><\\\/p>\"}}]}]},{\"type\":\"row\",\"children\":[{\"type\":\"column\",\"props\":{\"position_sticky_breakpoint\":\"m\",\"image_position\":\"center-center\",\"media_overlay_gradient\":\"\"},\"children\":[{\"type\":\"divider\",\"props\":{\"divider_element\":\"hr\"}}]}]}]},{\"name\":\"location\",\"type\":\"section\",\"props\":{\"style\":\"default\",\"width\":\"default\",\"image\":\"\",\"image_position\":\"top-right\",\"animation\":\"slide-bottom-medium\",\"animation_delay\":\"200\",\"id\":\"location\",\"image_fixed\":true,\"vertical_align\":\"middle\",\"title_position\":\"top-left\",\"title_rotation\":\"left\",\"title_breakpoint\":\"xl\",\"image_effect\":\"fixed\",\"media_visibility\":\"m\"},\"children\":[{\"name\":\"\",\"type\":\"row\",\"props\":{\"layout\":\"1-3,2-3\",\"vertical_align\":false},\"children\":[{\"name\":\"\",\"type\":\"column\",\"props\":{\"image_position\":\"center-center\",\"media_overlay_gradient\":\"\",\"width_medium\":\"1-3\",\"position_sticky_breakpoint\":\"m\"},\"children\":[{\"name\":\"\",\"type\":\"headline\",\"props\":{\"title_element\":\"h2\",\"content\":\"Location\",\"title_style\":\"heading-small\",\"class\":\"\",\"title_color\":\"primary\"}},{\"name\":\"\",\"type\":\"text\",\"props\":{\"column_breakpoint\":\"m\",\"margin\":\"default\",\"text_style\":\"lead\",\"content\":\"\n\n<p>Als Neubau im Stil einer privaten urbanen Villa bietet die \\u201eQX-Manor\\u201c mit ihrem einzigartigen Design und ihrer\\u00a0au\\u00dfergew\\u00f6hnlichen Atmosph\\u00e4re eines \\u201ehome away from home\\u201c einen perfekten R\\u00fcckzugsort f\\u00fcr professionellen und doch vertrauensvollen Austausch.<\\\/p>\"}}]},{\"name\":\"\",\"type\":\"column\",\"props\":{\"image_position\":\"center-center\",\"media_overlay_gradient\":\"\",\"width_medium\":\"2-3\",\"position_sticky_breakpoint\":\"m\"},\"children\":[{\"name\":\"\",\"type\":\"image\",\"props\":{\"margin\":\"default\",\"image\":\"wp-content\\\/uploads\\\/2022\\\/10\\\/qx-manor.png\",\"image_box_shadow\":\"xlarge\",\"image_width\":\"899\",\"image_svg_color\":\"emphasis\"}}]}]},{\"name\":\"\",\"type\":\"row\",\"props\":{\"layout\":\"1-3,2-3\"},\"children\":[{\"name\":\"\",\"type\":\"column\",\"props\":{\"image_position\":\"center-center\",\"media_overlay_gradient\":\"\",\"width_medium\":\"1-3\",\"position_sticky_breakpoint\":\"m\"},\"children\":[{\"name\":\"\",\"type\":\"headline\",\"props\":{\"title_element\":\"h3\",\"content\":\"Adresse\",\"class\":\"uk-card-title\"}},{\"name\":\"\",\"type\":\"text\",\"props\":{\"column_breakpoint\":\"m\",\"margin\":\"default\",\"content\":\"\n\n<p>Lerchesbergring 96<br \\\/><span>60598 Frankfurt am Main<\\\/span><\\\/p>\"}}]},{\"name\":\"\",\"type\":\"column\",\"props\":{\"image_position\":\"center-center\",\"media_overlay_gradient\":\"\",\"width_medium\":\"2-3\",\"position_sticky_breakpoint\":\"m\"},\"children\":[{\"name\":\"\",\"type\":\"map\",\"props\":{\"type\":\"roadmap\",\"zoom\":\"12\",\"controls\":true,\"zooming\":false,\"dragging\":false,\"show_title\":true,\"styler_saturation\":\"-100\",\"styler_gamma\":\"2\",\"height\":\"370\",\"show_meta\":true,\"show_content\":true,\"show_image\":true,\"show_link\":true,\"min_zoom\":0,\"max_zoom\":18,\"title_hover_style\":\"reset\",\"title_element\":\"h3\",\"meta_style\":\"text-meta\",\"meta_align\":\"below-title\",\"meta_element\":\"div\",\"image_svg_color\":\"emphasis\",\"link_text\":\"Read more\",\"link_style\":\"default\",\"margin\":\"default\",\"poi\":false,\"styler_hue\":\"rgba(141, 120, 13, 0.73)\",\"title_link\":false,\"marker_icon\":\"wp-content\\\/uploads\\\/2022\\\/10\\\/Themis-Foresight-Future-Lab-Needle-yellow.png\",\"marker_icon_width\":\"\",\"marker_icon_height\":\"\"},\"children\":[{\"name\":\"\",\"type\":\"map_item\",\"props\":{\"location\":\"50.07888185,8.68268930531496\"}}]}]}]}]},{\"name\":\"Agenda\",\"type\":\"section\",\"props\":{\"width\":\"default\",\"padding\":\"xlarge\",\"style\":\"default\",\"padding_remove_top\":false,\"image\":\"wp-content\\\/uploads\\\/2021\\\/05\\\/lightbulb-background-off-central_Zeichenflaeche-1.svg\",\"image_fixed\":false,\"header_transparent\":\"dark\",\"image_position\":\"top-left\",\"class\":\"\",\"padding_remove_bottom\":true,\"css\":\".el-section { background-image: none; }\",\"vertical_align\":\"middle\",\"title_position\":\"top-left\",\"title_rotation\":\"left\",\"title_breakpoint\":\"xl\",\"image_effect\":\"parallax\",\"image_parallax_breakpoint\":\"m\",\"media_visibility\":\"m\",\"image_parallax_bgy\":\"0,500\",\"image_loading\":true,\"id\":\"agenda\",\"image_parallax_easing\":\"1\"},\"children\":[{\"name\":\"\",\"type\":\"row\",\"props\":{\"margin\":\"xlarge\"},\"children\":[{\"name\":\"\",\"type\":\"column\",\"props\":{\"image_position\":\"center-center\",\"media_overlay_gradient\":\"\",\"width_medium\":\"1-1\",\"position_sticky_breakpoint\":\"m\"},\"children\":[{\"name\":\"\",\"type\":\"headline\",\"props\":{\"title_element\":\"h1\",\"content\":\"Agenda\",\"title_style\":\"heading-small\",\"title_color\":\"primary\"}}]}]},{\"name\":\"\",\"type\":\"row\",\"props\":{\"layout\":\"large,expand\",\"margin\":\"xlarge\",\"vertical_align\":true,\"column_gap\":\"small\",\"row_gap\":\"small\"},\"children\":[{\"name\":\"\",\"type\":\"column\",\"props\":{\"image_position\":\"center-center\",\"media_overlay_gradient\":\"\",\"width_medium\":\"auto\",\"position_sticky_breakpoint\":\"m\"},\"children\":[{\"name\":\"\",\"type\":\"headline\",\"props\":{\"title_element\":\"h2\",\"content\":\"Future Lab II\",\"title_style\":\"heading-xlarge\"}}]},{\"name\":\"\",\"type\":\"column\",\"props\":{\"image_position\":\"center-center\",\"vertical_align\":\"middle\",\"media_overlay_gradient\":\"\",\"width_medium\":\"expand\",\"position_sticky_breakpoint\":\"m\"},\"children\":[{\"name\":\"\",\"type\":\"headline\",\"props\":{\"title_element\":\"div\",\"content\":\"28. November\",\"title_style\":\"h4\",\"title_color\":\"background\",\"margin\":\"remove-vertical\"}},{\"name\":\"\",\"type\":\"headline\",\"props\":{\"title_element\":\"div\",\"content\":\"Montag\",\"title_style\":\"h4\",\"margin\":\"remove-vertical\",\"title_color\":\"muted\"}}]}]},{\"name\":\"\",\"type\":\"row\",\"props\":{\"layout\":\"large,expand\",\"width\":\"small\",\"vertical_align\":true},\"children\":[{\"name\":\"\",\"type\":\"column\",\"props\":{\"image_position\":\"center-center\",\"media_overlay_gradient\":\"\",\"width_medium\":\"medium\",\"position_sticky_breakpoint\":\"m\"},\"children\":[{\"name\":\"\",\"type\":\"headline\",\"props\":{\"title_element\":\"div\",\"content\":\"09:00\",\"title_style\":\"h1\"}}]},{\"name\":\"\",\"type\":\"column\",\"props\":{\"image_position\":\"center-center\",\"vertical_align\":\"middle\",\"media_overlay_gradient\":\"\",\"width_medium\":\"expand\",\"position_sticky_breakpoint\":\"m\"},\"children\":[{\"name\":\"\",\"type\":\"headline\",\"props\":{\"title_element\":\"h3\",\"content\":\"Ankunft und Fr\\u00fchst\\u00fcck in der QX-Manor\",\"title_style\":\"h4\",\"class\":\"\",\"title_color\":\"background\"}}]}]},{\"name\":\"\",\"type\":\"row\",\"props\":{\"margin\":\"medium\",\"width\":\"small\"},\"children\":[{\"name\":\"\",\"type\":\"column\",\"props\":{\"image_position\":\"center-center\",\"media_overlay_gradient\":\"\",\"width_medium\":\"1-1\",\"position_sticky_breakpoint\":\"m\"},\"children\":[{\"name\":\"\",\"type\":\"divider\",\"props\":{\"divider_element\":\"hr\"}}]}]},{\"name\":\"\",\"type\":\"row\",\"props\":{\"layout\":\"large,expand\",\"width\":\"small\",\"vertical_align\":true},\"children\":[{\"name\":\"\",\"type\":\"column\",\"props\":{\"image_position\":\"center-center\",\"media_overlay_gradient\":\"\",\"width_medium\":\"medium\",\"position_sticky_breakpoint\":\"m\"},\"children\":[{\"name\":\"\",\"type\":\"headline\",\"props\":{\"title_element\":\"div\",\"content\":\"10:00-12:30\",\"title_style\":\"h1\"}}]},{\"name\":\"\",\"type\":\"column\",\"props\":{\"image_position\":\"center-center\",\"vertical_align\":\"middle\",\"media_overlay_gradient\":\"\",\"width_medium\":\"expand\",\"position_sticky_breakpoint\":\"m\"},\"children\":[{\"name\":\"\",\"type\":\"headline\",\"props\":{\"title_element\":\"h3\",\"content\":\"\n\n<p><span>Future Lab<br \\\/><\\\/span><span>Studie zu Zuk\\u00fcnften der europ\\u00e4ischen Wirtschaft |\\u00a0<\\\/span><span>Vorstellung und Diskussion der <\\\/span><span>ersten Ergebnisse<\\\/span><span>\\u00a0 <\\\/span><\\\/p>\",\"title_style\":\"h4\",\"class\":\"\",\"title_color\":\"background\"}}]}]},{\"name\":\"\",\"type\":\"row\",\"props\":{\"margin\":\"medium\",\"width\":\"small\"},\"children\":[{\"name\":\"\",\"type\":\"column\",\"props\":{\"image_position\":\"center-center\",\"image\":\"\",\"media_overlay_gradient\":\"\",\"width_medium\":\"1-1\",\"position_sticky_breakpoint\":\"m\"},\"children\":[{\"name\":\"\",\"type\":\"divider\",\"props\":{\"divider_element\":\"hr\"}}]}]},{\"name\":\"\",\"type\":\"row\",\"props\":{\"layout\":\"large,expand\",\"width\":\"small\",\"vertical_align\":true,\"margin\":\"medium\"},\"children\":[{\"name\":\"\",\"type\":\"column\",\"props\":{\"image_position\":\"center-center\",\"vertical_align\":\"middle\",\"media_overlay_gradient\":\"\",\"width_medium\":\"medium\",\"position_sticky_breakpoint\":\"m\"},\"children\":[{\"name\":\"\",\"type\":\"headline\",\"props\":{\"title_element\":\"div\",\"content\":\"12:30-13:30\",\"title_style\":\"h1\"}}]},{\"name\":\"\",\"type\":\"column\",\"props\":{\"image_position\":\"center-center\",\"vertical_align\":\"middle\",\"media_overlay_gradient\":\"\",\"width_medium\":\"expand\",\"position_sticky_breakpoint\":\"m\"},\"children\":[{\"name\":\"\",\"type\":\"headline\",\"props\":{\"title_element\":\"h3\",\"content\":\"Lunch mit exklusivem Zwei-G\\u00e4nge-Men\\u00fc\",\"title_style\":\"h4\",\"class\":\"\",\"title_color\":\"background\"}}]}]},{\"name\":\"\",\"type\":\"row\",\"props\":{\"margin\":\"remove-vertical\",\"width\":\"small\"},\"children\":[{\"name\":\"\",\"type\":\"column\",\"props\":{\"image_position\":\"center-center\",\"media_overlay_gradient\":\"\",\"width_medium\":\"1-1\",\"position_sticky_breakpoint\":\"m\"},\"children\":[{\"name\":\"\",\"type\":\"divider\",\"props\":{\"divider_element\":\"hr\"}}]}]},{\"name\":\"\",\"type\":\"row\",\"props\":{\"layout\":\"large,expand\",\"width\":\"small\",\"margin\":\"large\"},\"children\":[{\"name\":\"\",\"type\":\"column\",\"props\":{\"image_position\":\"center-center\",\"media_overlay_gradient\":\"\",\"width_medium\":\"medium\",\"position_sticky_breakpoint\":\"m\"},\"children\":[{\"name\":\"\",\"type\":\"headline\",\"props\":{\"title_element\":\"div\",\"content\":\"13:30-15:00\",\"title_style\":\"h1\"}}]},{\"name\":\"\",\"type\":\"column\",\"props\":{\"image_position\":\"center-center\",\"media_overlay_gradient\":\"\",\"width_medium\":\"expand\",\"position_sticky_breakpoint\":\"m\"},\"children\":[{\"name\":\"\",\"type\":\"headline\",\"props\":{\"title_element\":\"h3\",\"content\":\"Future Lab<br \\\/>Entwicklung von Szenarien f\\u00fcr die europ\\u00e4ische Wirtschaft\",\"title_style\":\"h4\",\"class\":\"\",\"title_color\":\"background\"}}]}]},{\"name\":\"\",\"type\":\"row\",\"props\":{\"margin\":\"medium\",\"width\":\"small\"},\"children\":[{\"name\":\"\",\"type\":\"column\",\"props\":{\"image_position\":\"center-center\",\"media_overlay_gradient\":\"\",\"width_medium\":\"1-1\",\"position_sticky_breakpoint\":\"m\"},\"children\":[{\"name\":\"\",\"type\":\"divider\",\"props\":{\"divider_element\":\"hr\"}}]}]},{\"name\":\"\",\"type\":\"row\",\"props\":{\"layout\":\"large,expand\",\"width\":\"small\",\"margin\":\"large\"},\"children\":[{\"name\":\"\",\"type\":\"column\",\"props\":{\"image_position\":\"center-center\",\"media_overlay_gradient\":\"\",\"width_medium\":\"medium\",\"position_sticky_breakpoint\":\"m\"},\"children\":[{\"name\":\"\",\"type\":\"headline\",\"props\":{\"title_element\":\"div\",\"content\":\"15:00-15:30\",\"title_style\":\"h1\"}}]},{\"name\":\"\",\"type\":\"column\",\"props\":{\"image_position\":\"center-center\",\"media_overlay_gradient\":\"\",\"width_medium\":\"expand\",\"position_sticky_breakpoint\":\"m\"},\"children\":[{\"name\":\"\",\"type\":\"headline\",\"props\":{\"title_element\":\"h3\",\"content\":\"Pause mit Kaffee und H\\u00e4ppchen\",\"title_style\":\"h4\",\"class\":\"\",\"title_color\":\"background\"}}]}]},{\"name\":\"\",\"type\":\"row\",\"props\":{\"margin\":\"medium\",\"width\":\"small\"},\"children\":[{\"name\":\"\",\"type\":\"column\",\"props\":{\"image_position\":\"center-center\",\"media_overlay_gradient\":\"\",\"width_medium\":\"1-1\",\"position_sticky_breakpoint\":\"m\"},\"children\":[{\"name\":\"\",\"type\":\"divider\",\"props\":{\"divider_element\":\"hr\"}}]}]},{\"name\":\"\",\"type\":\"row\",\"props\":{\"layout\":\"large,expand\",\"width\":\"small\",\"vertical_align\":true},\"children\":[{\"name\":\"\",\"type\":\"column\",\"props\":{\"image_position\":\"center-center\",\"vertical_align\":\"middle\",\"media_overlay_gradient\":\"\",\"width_medium\":\"medium\",\"position_sticky_breakpoint\":\"m\"},\"children\":[{\"name\":\"\",\"type\":\"headline\",\"props\":{\"title_element\":\"div\",\"content\":\"15:30-17:00\",\"title_style\":\"h1\"}}]},{\"name\":\"\",\"type\":\"column\",\"props\":{\"image_position\":\"center-center\",\"vertical_align\":\"middle\",\"media_overlay_gradient\":\"\",\"width_medium\":\"expand\",\"position_sticky_breakpoint\":\"m\"},\"children\":[{\"name\":\"\",\"type\":\"headline\",\"props\":{\"title_element\":\"h3\",\"content\":\"Zusammenfassung und Ausblick\",\"title_style\":\"h4\",\"class\":\"\",\"title_color\":\"background\"}}]}]},{\"name\":\"\",\"type\":\"row\",\"props\":{\"width\":\"small\"},\"children\":[{\"name\":\"\",\"type\":\"column\",\"props\":{\"image_position\":\"center-center\",\"media_overlay_gradient\":\"\",\"width_medium\":\"1-1\",\"position_sticky_breakpoint\":\"m\"},\"children\":[{\"name\":\"\",\"type\":\"divider\",\"props\":{\"divider_element\":\"hr\",\"margin\":\"medium\"}}]}]},{\"name\":\"\",\"type\":\"row\",\"props\":{\"layout\":\"large,expand\",\"width\":\"small\",\"margin\":\"large\"},\"children\":[{\"name\":\"\",\"type\":\"column\",\"props\":{\"image_position\":\"center-center\",\"media_overlay_gradient\":\"\",\"width_medium\":\"medium\",\"position_sticky_breakpoint\":\"m\"},\"children\":[{\"name\":\"\",\"type\":\"headline\",\"props\":{\"title_element\":\"div\",\"content\":\"19:00\",\"title_style\":\"h1\"}}]},{\"name\":\"\",\"type\":\"column\",\"props\":{\"image_position\":\"center-center\",\"media_overlay_gradient\":\"\",\"width_medium\":\"expand\",\"position_sticky_breakpoint\":\"m\"},\"children\":[{\"name\":\"\",\"type\":\"headline\",\"props\":{\"title_element\":\"h3\",\"content\":\"Dinner\",\"title_style\":\"h4\",\"class\":\"\",\"title_color\":\"background\"}}]}]},{\"name\":\"\",\"type\":\"row\",\"props\":{\"width\":\"small\"},\"children\":[{\"name\":\"\",\"type\":\"column\",\"props\":{\"image_position\":\"center-center\",\"media_overlay_gradient\":\"\",\"width_medium\":\"1-1\",\"position_sticky_breakpoint\":\"m\"},\"children\":[{\"name\":\"\",\"type\":\"divider\",\"props\":{\"divider_element\":\"hr\",\"margin\":\"medium\"}}]}]}]},{\"name\":\"Projektphasen\",\"type\":\"section\",\"props\":{\"style\":\"default\",\"width\":\"default\",\"image_size\":\"cover\",\"id\":\"projektphasen\",\"animation\":\"slide-bottom-medium\",\"animation_delay\":\"200\",\"image_position\":\"center-center\",\"vertical_align\":\"middle\",\"title_position\":\"top-left\",\"title_rotation\":\"left\",\"title_breakpoint\":\"xl\"},\"children\":[{\"name\":\"\",\"type\":\"row\",\"children\":[{\"name\":\"\",\"type\":\"column\",\"props\":{\"image_position\":\"center-center\",\"media_overlay_gradient\":\"\",\"width_medium\":\"1-1\",\"position_sticky_breakpoint\":\"m\"},\"children\":[{\"name\":\"\",\"type\":\"headline\",\"props\":{\"title_element\":\"h2\",\"content\":\"Projektphasen im \\u00dcberblick\",\"maxwidth\":\"medium\",\"title_style\":\"heading-small\",\"title_color\":\"primary\"}}]}]},{\"name\":\"\",\"type\":\"row\",\"props\":{\"margin\":\"large\"},\"children\":[{\"name\":\"\",\"type\":\"column\",\"props\":{\"image_position\":\"center-center\",\"media_overlay_gradient\":\"\",\"width_medium\":\"1-1\",\"position_sticky_breakpoint\":\"m\"},\"children\":[{\"name\":\"\",\"type\":\"grid\",\"props\":{\"show_title\":true,\"show_meta\":true,\"show_content\":true,\"show_image\":true,\"show_link\":true,\"grid_default\":\"1\",\"grid_medium\":\"3\",\"title_element\":\"h3\",\"meta_style\":\"text-meta\",\"meta_align\":\"below-title\",\"icon_ratio\":4,\"image_align\":\"top\",\"image_grid_width\":\"1-2\",\"link_text\":\"\",\"link_style\":\"default\",\"margin\":\"default\",\"panel_style\":\"card-default\",\"title_style\":\"h4\",\"image_width\":\"899\",\"image_height\":\"599\",\"filter_style\":\"tab\",\"filter_all\":true,\"filter_position\":\"top\",\"filter_align\":\"left\",\"filter_grid_width\":\"auto\",\"title_align\":\"top\",\"title_grid_width\":\"1-2\",\"image_svg_color\":\"emphasis\",\"item_animation\":true,\"filter_grid_breakpoint\":\"m\",\"title_grid_breakpoint\":\"m\",\"image_grid_breakpoint\":\"m\",\"panel_link\":true,\"title_hover_style\":\"reset\",\"content_column_breakpoint\":\"m\",\"icon_width\":80,\"panel_image_no_padding\":true,\"panel_padding\":\"small\",\"meta_element\":\"div\",\"parallax_easing\":\"1\"},\"children\":[{\"name\":\"\",\"type\":\"grid_item\",\"props\":{\"image\":\"wp-content\\\/uploads\\\/2022\\\/02\\\/MockUp-Methoden-gelb.jpg\",\"title\":\"Umfragen unter Wirtschaftslenker:innen\",\"link\":\"\",\"meta\":\"M\\u00e4rz 22\",\"content\":\"\n\n<p><button class=\\\"uk-button uk-button-secondary uk-margin-small-right\\\" type=\\\"button\\\" uk-toggle=\\\"target: #modal-umfrage\\\">Mehr dazu<\\\/button><\\\/p>\\n\n\n<div id=\\\"modal-umfrage\\\" uk-modal=\\\"\\\">\\n\n\n<div class=\\\"uk-modal-dialog uk-modal-body\\\">\\n\n\n<h2 class=\\\"uk-modal-title\\\">Umfrage unter Wirtschaftslenker:innen<\\\/h2>\\n\n\n<p><em>Untersuchungsgegenstand<\\\/em><\\\/p>\\n\n\n<p>In zwei Befragungen von Wirtschaftslenker:innen europ\\u00e4ischer (auch nicht-EU) Unternehmen im M\\u00e4rz und Oktober haben wir deren Wahrnehmungen zu Risiken aber auch Chancen erhoben, die eine Neusortierung der Weltordnung mit sich bringen wird. Wir haben dabei auch gew\\u00fcnschte Ma\\u00dfnahmen erfragt, die zur Minimierung der Risiken und Verfestigung der Chancen beitragen sollen. Zielgruppe waren Personen auf Aufsichtsrats-, Vorstands- oder Gesch\\u00e4ftsf\\u00fchrungsebene bzw. Analyst:innen von in Europa ans\\u00e4ssigen Konzernen oder gehobenem Mittelstand.<\\\/p>\\n\n\n<p>Stichprobengr\\u00f6\\u00dfe: ca. 100 Datens\\u00e4tze pro Umfrage<\\\/p>\\n\n\n<p><em>Relevanz<\\\/em><\\\/p>\\n\n\n<p>Die erste Erhebung zeichnete ein Bild davon, wie unter dem unmittelbaren Einfluss des Ukraine-Kriegs neue Priorit\\u00e4ten in der Denke von Wirtschaftslenker:innen Einfluss nahmen. Die zweite Erhebung mit identischen Fragen soll ein Bild davon liefern, welche Priorit\\u00e4ten sich sechs Monate sp\\u00e4ter verfestigt haben. Ein Vergleich beider Erhebungen l\\u00e4sst R\\u00fcckschl\\u00fcsse auf gew\\u00fcnschte und f\\u00fcr umsetzbar gehaltene Zuk\\u00fcnfte zu.<\\\/p>\\n\n\n<p><em>Aufbereitung der Zwischenergebnisse<\\\/em><\\\/p>\\n\n\n<p>Die Ergebnisse werden in Trendanalysen schriftlich aufbereitet, flie\\u00dfen in die Future Labs mit ein und k\\u00f6nnen auf Wunsch Unternehmensgremien von Themis Foresight pr\\u00e4sentiert und zur Diskussion gestellt werden.<\\\/p>\\n\n\n<p class=\\\"uk-text-right\\\"><button class=\\\"uk-button uk-button-default uk-modal-close\\\" type=\\\"button\\\">Schlie\\u00dfen<\\\/button><\\\/p>\\n<\\\/div>\\n<\\\/div>\",\"image_alt\":\"Methoden der Zukunftsforschung Szenario Backcasting Delphi Trendcycle auf einem Blatt Papier\"}},{\"name\":\"\",\"type\":\"grid_item\",\"props\":{\"image\":\"wp-content\\\/uploads\\\/2022\\\/05\\\/Gruppenbild-e1653500608926.jpg\",\"title\":\"Future Lab I: Hypothesenbildung\",\"link\":\"\",\"content\":\"\n\n<p><button class=\\\"uk-button uk-button-secondary uk-margin-small-right\\\" type=\\\"button\\\" uk-toggle=\\\"target: #modal-futurelabi\\\">Mehr dazu<\\\/button><\\\/p>\\n\n\n<div id=\\\"modal-futurelabi\\\" uk-modal=\\\"\\\">\\n\n\n<div class=\\\"uk-modal-dialog uk-modal-body\\\">\\n\n\n<h2 class=\\\"uk-modal-title\\\">Future Lab I: Hypothesenbildung<\\\/h2>\\n\n\n<p><em>Zukunftselemente der europ\\u00e4ischen Wirtschaft<\\\/em><\\\/p>\\n\n\n<p><span>In einem Future Lab am 23. Mai in Berlin lud Themis <\\\/span><span>Foresight<\\\/span><span> mehr als 20\\u00a0<\\\/span><span>Wirtschaftslenker:innen und Analyst:innen\\u00a0<\\\/span><span>ein, anhand eines Future Wheels konsequent m\\u00f6gliche Folgen des Ukraine-Kriegs auf die globale Wirtschaft und politische Ordnung zu durchdenken und Hypothesen zu formulieren, wie sie sich auf die europ\\u00e4ische Wirtschaft auswirken k\\u00f6nnen. Dabei werden nicht nur wirtschaftliche Auswirkungen er\\u00f6rtert, sondern auch gesellschaftliche, politische, technologische und \\u00f6kologische. Die im Future Lab erstellten Hypothesen werden in einer folgenden Delphi-Befragung mit <\\\/span><span>Executives<\\\/span><span> der europ\\u00e4ischen Wirtschaft und <\\\/span><span>Policy-Maker:innen<\\\/span><span> er\\u00f6rtert.<\\\/span><\\\/p>\\n\n\n<p><em>Aufbereitung der Zwischenergebnisse<\\\/em><\\\/p>\\n\n\n<p><span>Die Ergebnisse des Future Labs wurden anschlie\\u00dfend ausschlie\\u00dflich seinen <\\\/span><span>Teilnehmer:innen<\\\/span><span> zur Verf\\u00fcgung gestellt. Sie konnten in teilnehmenden Unternehmen verwendet werden, d\\u00fcrfen jedoch nicht publiziert werden. Sie flossen in die anschlie\\u00dfende Befragung der <\\\/span><span>Executives\\u00a0<\\\/span><span>europ\\u00e4ischer Unternehmen ein.<\\\/span><\\\/p>\\n\n\n<p class=\\\"uk-text-right\\\"><button class=\\\"uk-button uk-button-default uk-modal-close\\\" type=\\\"button\\\">Schlie\\u00dfen<\\\/button><\\\/p>\\n<\\\/div>\\n<\\\/div>\",\"meta\":\"Mai 22\"}},{\"name\":\"\",\"type\":\"grid_item\",\"props\":{\"image\":\"wp-content\\\/uploads\\\/2022\\\/05\\\/DSC_1048.jpg\",\"title\":\"Delphi-Befragungen\",\"link\":\"\",\"content\":\"\n\n<p><button class=\\\"uk-button uk-button-secondary uk-margin-small-right\\\" type=\\\"button\\\" uk-toggle=\\\"target: #modal-delphi\\\">Mehr dazu<\\\/button><\\\/p>\\n\n\n<div id=\\\"modal-delphi\\\" uk-modal=\\\"\\\">\\n\n\n<div class=\\\"uk-modal-dialog uk-modal-body\\\">\\n\n\n<h2 class=\\\"uk-modal-title\\\">Delphi-Befragungen<\\\/h2>\\n\n\n<p><span>Die Hypothesen aus dem Future Lab I wurden in den letzten Monaten mit einem Expert Panel von ca. 30 <\\\/span><span>Executives<\\\/span><span> von in Europa ans\\u00e4ssigen Gro\\u00dfunternehmen und gehobenem Mittelstand und Politik- und <\\\/span><span>Sicherheitsexpert:innen<\\\/span><span> in Tiefeninterviews er\\u00f6rtert. Unsere Delphi-Befragung geht in zwei Wellen vonstatten. Zwischen beiden Wellen erhalten die Experten eine Zusammenfassung der Ergebnisse. <\\\/span><\\\/p>\\n\n\n<p><span>Die Delphi-Befragung wird geleitet durch Siv Helen Hesjedal, Senior Researcher bei Themis <\\\/span><span>Foresight<\\\/span><span>.<\\\/span><\\\/p>\\n\n\n<p><em>Aufbereitung der Zwischenergebnisse<\\\/em><\\\/p>\\n\n\n<p><span>Die Zwischen- und Endergebnisse der Delphi-Befragung werden synthetisiert und in einer abschlie\\u00dfenden Analyse ausgewertet. Sie k\\u00f6nnen Partner-Unternehmen auf Wunsch zur Verf\\u00fcgung gestellt werden und in Unternehmens-Gremien vorgestellt und diskutiert werden. Eine Weiterverbreitung oder Ver\\u00f6ffentlichung dieser Ergebnisse durch Partner-Unternehmen ist nicht gestattet.<\\\/span><\\\/p>\\n\n\n<p class=\\\"uk-text-right\\\"><button class=\\\"uk-button uk-button-default uk-modal-close\\\" type=\\\"button\\\">Schlie\\u00dfen<\\\/button><\\\/p>\\n<\\\/div>\\n<\\\/div>\",\"meta\":\"Juli-Oktober 22\"}},{\"name\":\"\",\"type\":\"grid_item\",\"props\":{\"image\":\"wp-content\\\/uploads\\\/2022\\\/05\\\/DSC_0952.jpg\",\"title\":\"Future Lab II: Szenarien\",\"link\":\"\",\"content\":\"\n\n<p><button class=\\\"uk-button uk-button-secondary uk-margin-small-right\\\" type=\\\"button\\\" uk-toggle=\\\"target: #modal-futurelabii\\\">Mehr dazu<\\\/button><\\\/p>\\n\n\n<div id=\\\"modal-futurelabii\\\" uk-modal=\\\"\\\">\\n\n\n<div class=\\\"uk-modal-dialog uk-modal-body\\\">\\n\n\n<h2 class=\\\"uk-modal-title\\\">Szenarien f\\u00fcr die europ\\u00e4ische Wirtschaft<\\\/h2>\\n\n\n<p><span>Im Future <\\\/span><span>Lab am <\\\/span><span>28.<\\\/span><span> <\\\/span><span>November <\\\/span><span>l\\u00e4dt <\\\/span><span>Themis <\\\/span><span>Foresight<\\\/span><span> bis zu <\\\/span><span>25 <\\\/span><span>Vertreter:innen<\\\/span><span> aus Unternehmen ein, die Ergebnisse aus den unterschiedlichen Analysen und Befragungen zusammenzutragen und zu Szenarien zu verarbeiten, die m\\u00f6gliche, wahrscheinliche und w\\u00fcnschenswerte Zuk\\u00fcnfte europ\\u00e4ischer Unternehmen abbilden und Gestaltungsoptionen benennen. Wir legen dabei Wert darauf, dass es neben positiven auch bewusst negative, dystopische Elemente in der Szenario-Entwicklung gibt. <\\\/span><\\\/p>\\n\n\n<p><em>Teilnahme und Ablauf<\\\/em><\\\/p>\\n\n\n<p><span>Das Future Lab ist ein \\u201eInvitation <\\\/span><span>only<\\\/span><span>\\u201c-Event f\\u00fcr <\\\/span><span>Executives<\\\/span><span> und\\u00a0 <\\\/span><span>Analyst:innen<\\\/span><span> aus unterschiedlichen Branchen. Themis <\\\/span><span>Foresight<\\\/span><span> wird dar\\u00fcber hinaus Sicherheits- und <\\\/span><span>Politik-Expert:innen<\\\/span><span> einladen um nichtwirtschaftliche Aspekte in die Diskussion einflie\\u00dfen zu lassen. Es gelten Chatham House Rules. Der Ort des Future Labs wird im Juni bekannt gegeben.<\\\/span><\\\/p>\\n\n\n<p><span>Das Future Lab wird geleitet von Jan Berger, CEO Themis <\\\/span><span>Foresight<\\\/span><span> und Ewald <\\\/span><span>B\\u00f6hlke<\\\/span><span>, ehemaliger jahrzehntelanger Zukunftsforscher der Daimler AG.<\\\/span><\\\/p>\\n\n\n<p><em>Aufbereitung der Zwischenergebnisse<\\\/em><\\\/p>\\n\n\n<p><span>Die Ergebnisse des Future Labs werden ausschlie\\u00dflich seinen <\\\/span><span>Teilnehmer:innen<\\\/span><span> zur Verf\\u00fcgung gestellt. Sie k\\u00f6nnen in teilnehmenden Unternehmen verwendet, d\\u00fcrfen jedoch nicht publiziert werden. Auf Wunsch k\\u00f6nnen die Szenarien in Unternehmensgremien von uns vorgestellt und diskutiert werden.<\\\/span><\\\/p>\\n\n\n<p class=\\\"uk-text-right\\\"><button class=\\\"uk-button uk-button-default uk-modal-close\\\" type=\\\"button\\\">Schlie\\u00dfen<\\\/button><\\\/p>\\n<\\\/div>\\n<\\\/div>\",\"meta\":\"November 22\"}},{\"name\":\"\",\"type\":\"grid_item\",\"props\":{\"image\":\"wp-content\\\/uploads\\\/2022\\\/03\\\/01_brochure-mockup_Neue-Welt-e1646808240404.png\",\"title\":\"Publikation\",\"link\":\"\",\"content\":\"\n\n<p><button class=\\\"uk-button uk-button-secondary uk-margin-small-right\\\" type=\\\"button\\\" uk-toggle=\\\"target: #modal-publi\\\">Mehr dazu<\\\/button><\\\/p>\\n\n\n<div id=\\\"modal-publi\\\" uk-modal=\\\"\\\">\\n\n\n<div class=\\\"uk-modal-dialog uk-modal-body\\\">\\n\n\n<h2 class=\\\"uk-modal-title\\\">Publikation der Ergebnisse<\\\/h2>\\n\n\n<p><span>Die Ergebnisse aller vorherigen Arbeiten werden in einer Studie zusammen gefasst. Diese soll Ende diesen \\\/ Anfang n\\u00e4chsten Jahres als Buch ver\\u00f6ffentlicht werden.\\u00a0<\\\/span><\\\/p>\\n\n\n<p><span>Bei Interesse und vorheriger Mitwirkung im Projekt k\\u00f6nnen wir Unternehmen und Verb\\u00e4nden anbieten, die Publikation der Studie f\\u00fcr ihre eigene \\u00d6ffentlichkeitsarbeit zu nutzen, z.B. in Form einer Schirmherrschaft \\u00fcber das Gesamtprojekt, Logo-Platzierung in der Publikation und auf Landing Pages zum Projekt oder Gru\\u00dfworten bzw. Interviews in der Publikation. Wir sind bereit, die Studie zusammen mit Partnerunternehmen auf Konferenzen, <\\\/span><span>Gremiensit<\\\/span><span>-zungen, Kamingespr\\u00e4chen usw. vorzustellen.<\\\/span><\\\/p>\\n\n\n<p class=\\\"uk-text-right\\\"><button class=\\\"uk-button uk-button-default uk-modal-close\\\" type=\\\"button\\\">Schlie\\u00dfen<\\\/button><\\\/p>\\n<\\\/div>\\n<\\\/div>\",\"meta\":\"Dezember 22\"}}]}]}]}]},{\"name\":\"Experten\",\"type\":\"section\",\"props\":{\"style\":\"default\",\"width\":\"default\",\"image_size\":\"cover\",\"image_position\":\"center-center\",\"image\":\"\",\"image_fixed\":true,\"class\":\"\",\"padding\":\"xlarge\",\"css\":\".el-section { background-image: none; }\",\"vertical_align\":\"middle\",\"title_position\":\"top-left\",\"title_rotation\":\"left\",\"title_breakpoint\":\"xl\",\"image_effect\":\"fixed\",\"id\":\"experten\"},\"children\":[{\"type\":\"row\",\"children\":[{\"type\":\"column\",\"props\":{\"position_sticky_breakpoint\":\"m\",\"image_position\":\"center-center\",\"media_overlay_gradient\":\"\"},\"children\":[{\"type\":\"headline\",\"props\":{\"title_element\":\"h2\",\"content\":\"Expert:innen\",\"title_style\":\"heading-small\",\"title_color\":\"primary\"}}]}]},{\"name\":\"\",\"type\":\"row\",\"props\":{\"layout\":\"1-2,1-2\",\"vertical_align\":true,\"column_gap\":\"large\",\"row_gap\":\"large\"},\"children\":[{\"name\":\"\",\"type\":\"column\",\"props\":{\"image_position\":\"center-center\",\"vertical_align\":\"middle\",\"media_overlay_gradient\":\"\",\"width_medium\":\"1-2\",\"position_sticky_breakpoint\":\"m\"},\"children\":[{\"name\":\"\",\"type\":\"image\",\"props\":{\"margin\":\"default\",\"image\":\"wp-content\\\/uploads\\\/2022\\\/06\\\/Jan-Berger-1.jpg\",\"image_box_shadow\":\"xlarge\",\"image_width\":\"899\",\"image_svg_color\":\"emphasis\"}}]},{\"name\":\"\",\"type\":\"column\",\"props\":{\"image_position\":\"center-center\",\"vertical_align\":\"middle\",\"media_overlay_gradient\":\"\",\"width_medium\":\"1-2\",\"position_sticky_breakpoint\":\"m\"},\"children\":[{\"name\":\"\",\"type\":\"headline\",\"props\":{\"title_element\":\"h2\",\"content\":\"Jan Berger\",\"title_style\":\"h2\",\"class\":\"\"}},{\"name\":\"\",\"type\":\"divider\",\"props\":{\"divider_element\":\"hr\",\"divider_style\":\"small\"}},{\"type\":\"text\",\"props\":{\"margin\":\"default\",\"column_breakpoint\":\"m\",\"content\":\"\n\n<p><span>Jan Berger hat Themis Foresight gegr\\u00fcndet, um wirtschaftliche, technologische, gesellschaftliche und politische Treiber zuk\\u00fcnftiger Ver\\u00e4nderungen zu antizipieren. Ihn und sein Team treibt die \\u00dcberzeugung an, dass herausragende Zukunftsforschung der entscheidende Erfolgsschl\\u00fcssel f\\u00fcr die strategische Ausrichtung der europ\\u00e4ischen Wirtschafts- und Unternehmerelite ist. Dementsprechend hat er der Forschungsarbeit von Themis Foresight f\\u00fcr den europ\\u00e4ischen Raum einzigartige Qualit\\u00e4tsanspr\\u00fcche in die DNA geschrieben.<\\\/span><\\\/p>\\n\n\n<p>Der Historiker und Slawist\\u00a0hat auf vier Kontinenten gelebt und gearbeitet. Er war in F\\u00fchrungspositionen von Konzernen und Startups. Sein beruflicher Werdegang f\\u00fchrte ihn durchs Verlagswesen, die Immobilien-, IT- und Finanzwirtschaft. Bis zur Gr\\u00fcndung von Themis Foresight war er zuletzt sieben Jahre lang Gesch\\u00e4ftsf\\u00fchrer der 2b AHEAD ThinkTank GmbH. Dort leitete er insbesondere das Forschungsteam des ThinkTank Universums. Seinen Ausgleich findet Jan in vielen intellektuellen Interessen. Ruhe, Energie und Anregungen tankt er in seinem privaten Familiendomizil in Bulgarien, wohin er mehrmals im Jahr Freunde und Bekannte zum Ideen- und Erfahrungsaustausch zusammenf\\u00fchrt.<\\\/p>\\n\n\n<p>Er leitet das Projekt zur Zukunft der europ\\u00e4ischen Wirtschaft.<\\\/p>\"}}]}]},{\"type\":\"row\",\"props\":{\"layout\":\"1-2,1-2\"},\"children\":[{\"type\":\"column\",\"props\":{\"position_sticky_breakpoint\":\"m\",\"image_position\":\"center-center\",\"media_overlay_gradient\":\"\",\"width_medium\":\"1-2\"},\"children\":[{\"name\":\"\",\"type\":\"image\",\"props\":{\"margin\":\"default\",\"image\":\"wp-content\\\/uploads\\\/2022\\\/06\\\/Siv-Hesjedal-web-500x500-2.jpg\",\"image_box_shadow\":\"xlarge\",\"image_width\":\"899\",\"image_svg_color\":\"emphasis\"}}]},{\"type\":\"column\",\"props\":{\"position_sticky_breakpoint\":\"m\",\"image_position\":\"center-center\",\"media_overlay_gradient\":\"\",\"width_medium\":\"1-2\"},\"children\":[{\"name\":\"\",\"type\":\"headline\",\"props\":{\"title_element\":\"h2\",\"content\":\"Siv Helen Hesjedal\",\"title_style\":\"h2\",\"class\":\"\"}},{\"name\":\"\",\"type\":\"divider\",\"props\":{\"divider_element\":\"hr\",\"divider_style\":\"small\"}},{\"type\":\"text\",\"props\":{\"margin\":\"default\",\"column_breakpoint\":\"m\",\"content\":\"\n\n<p>Siv Helen Hesjedal ist eine professionelle Zukunftsforscherin und Strategin mit mehr als 20 Jahren internationaler Erfahrung im strategischen Management und Futures. Nach fast zwei Jahrzehnten in S\\u00fcdafrika arbeitet sie nun in Europa und unterst\\u00fctzt unser Team mit ihrer Erfahrung und Leidenschaft aus Norwegen. Sie verbrachte 18 Jahre beim Eastern Cape Socio-Economic Consultative Council (ECSECC), wo sie zuletzt Chief Knowledge and Operations Officer war.\\u00a0In dieser Funktion war sie f\\u00fcr die Entwicklung und Umsetzung der Unternehmensstrategie verantwortlich. Siv hat als strategische Beraterin f\\u00fcr hochrangige politische und industrielle F\\u00fchrungskr\\u00e4fte gearbeitet. Sie unterst\\u00fctzte Managementteams in verschiedenen Branchen bei der Entwicklung nachhaltiger Strategien und begleitete sie bei den daraus resultierenden organisatorischen Ver\\u00e4nderungsprozessen. Ihre Strategiearbeit umfasste die Bereiche Unternehmensentwicklung, Landwirtschaft, Personalentwicklung, digitale Transformation, Business Intelligence und mehr. Ihre Leidenschaft ist es, Wissen \\u00fcber die Zukunft in Entscheidungen und Handlungen in der Gegenwart umzusetzen. \\u00a0<\\\/p>\\n\n\n<p>Gemeinsam mit Jan Berger arbeitet sie an dem Projekt \\\"Die Zukunft der europ\\u00e4ischen Wirtschaft\\\" und hat dazu zahlreiche Expertinnen weltweit befragt.<\\\/p>\"}}]}]}]},{\"type\":\"section\",\"props\":{\"style\":\"default\",\"width\":\"default\",\"vertical_align\":\"middle\",\"title_position\":\"top-left\",\"title_rotation\":\"left\",\"title_breakpoint\":\"xl\",\"image_position\":\"center-center\"},\"children\":[{\"type\":\"row\",\"children\":[{\"type\":\"column\",\"props\":{\"position_sticky_breakpoint\":\"m\",\"image_position\":\"center-center\",\"media_overlay_gradient\":\"\"},\"children\":[{\"type\":\"headline\",\"props\":{\"title_element\":\"h2\",\"content\":\"Anmeldung\",\"title_style\":\"heading-small\",\"title_color\":\"primary\",\"id\":\"anmeldung\"}},{\"type\":\"text\",\"props\":{\"margin\":\"default\",\"column_breakpoint\":\"m\",\"content\":\"\n\n<p><span>Das Future Lab ist ein \\u201eInvitation <\\\/span><span>Only<\\\/span><span>\\u201c-Event. <\\\/span><span>Es gelten Chatham House Rules. Wenn Sie eine Einladung von uns erhalten haben, freuen wir uns hier sehr \\u00fcber die Best\\u00e4tigung Ihrer Teilnahme. Bei Fragen k\\u00f6nnen Sie sich gerne an <a href=\\\"mailto:contact@themis-foresight.com\\\">contact@themis-foresight.com<\\\/a>\\u00a0wenden oder telefonisch unter<\\\/span>\\u00a0<a href=\\\"tel:+491707277325\\\">+49 (0) 170 72 77 325<\\\/a> bei uns melden.<\\\/p>\"}},{\"type\":\"html\",\"props\":{\"content\":\"[ninja_form id=23]\"}}]}]}]},{\"type\":\"section\",\"props\":{\"style\":\"default\",\"width\":\"default\",\"vertical_align\":\"middle\",\"title_position\":\"top-left\",\"title_rotation\":\"left\",\"title_breakpoint\":\"xl\",\"image_position\":\"center-center\"},\"children\":[{\"type\":\"row\",\"children\":[{\"type\":\"column\",\"props\":{\"position_sticky_breakpoint\":\"m\",\"image_position\":\"center-center\",\"media_overlay_gradient\":\"\"},\"children\":[{\"type\":\"gallery\",\"props\":{\"show_title\":false,\"show_meta\":false,\"show_content\":true,\"show_link\":true,\"show_hover_image\":true,\"grid_default\":\"1\",\"grid_medium\":\"3\",\"filter_style\":\"tab\",\"filter_all\":true,\"filter_position\":\"top\",\"filter_align\":\"left\",\"filter_grid_width\":\"auto\",\"filter_grid_breakpoint\":\"m\",\"overlay_mode\":\"cover\",\"overlay_hover\":true,\"overlay_style\":\"overlay-primary\",\"text_color\":\"light\",\"overlay_position\":\"center\",\"overlay_transition\":\"fade\",\"title_hover_style\":\"reset\",\"title_element\":\"h3\",\"meta_style\":\"text-meta\",\"meta_align\":\"below-title\",\"meta_element\":\"div\",\"link_text\":\"\",\"link_style\":\"default\",\"text_align\":\"center\",\"margin\":\"default\",\"item_animation\":true,\"grid_masonry\":false,\"grid_column_align\":true,\"lightbox\":true,\"overlay_link\":true,\"parallax_easing\":\"1\"},\"children\":[{\"type\":\"gallery_item\",\"props\":{\"title\":\"DSC_1149\",\"image\":\"wp-content\\\/uploads\\\/2022\\\/10\\\/DSC_1149.jpg\"}},{\"type\":\"gallery_item\",\"props\":{\"title\":\"DSC_0892\",\"image\":\"wp-content\\\/uploads\\\/2022\\\/10\\\/DSC_0892.jpg\"}},{\"type\":\"gallery_item\",\"props\":{\"title\":\"DSC_0835\",\"image\":\"wp-content\\\/uploads\\\/2022\\\/10\\\/DSC_0835.jpg\"}},{\"type\":\"gallery_item\",\"props\":{\"title\":\"DSC_0863\",\"image\":\"wp-content\\\/uploads\\\/2022\\\/10\\\/DSC_0863.jpg\"}},{\"type\":\"gallery_item\",\"props\":{\"title\":\"DSC_0867\",\"image\":\"wp-content\\\/uploads\\\/2022\\\/10\\\/DSC_0867.jpg\"}},{\"type\":\"gallery_item\",\"props\":{\"title\":\"DSC_1128\",\"image\":\"wp-content\\\/uploads\\\/2022\\\/10\\\/DSC_1128.jpg\"}},{\"type\":\"gallery_item\",\"props\":{\"title\":\"DSC_0822\",\"image\":\"wp-content\\\/uploads\\\/2022\\\/10\\\/DSC_0822.jpg\"}},{\"type\":\"gallery_item\",\"props\":{\"title\":\"DSC_0823\",\"image\":\"wp-content\\\/uploads\\\/2022\\\/10\\\/DSC_0823.jpg\"}},{\"type\":\"gallery_item\",\"props\":{\"title\":\"DSC_0828\",\"image\":\"wp-content\\\/uploads\\\/2022\\\/10\\\/DSC_0828.jpg\"}},{\"type\":\"gallery_item\",\"props\":{\"title\":\"DSC_0839\",\"image\":\"wp-content\\\/uploads\\\/2022\\\/10\\\/DSC_0839.jpg\"}},{\"type\":\"gallery_item\",\"props\":{\"title\":\"DSC_0862\",\"image\":\"wp-content\\\/uploads\\\/2022\\\/10\\\/DSC_0862.jpg\"}},{\"type\":\"gallery_item\",\"props\":{\"title\":\"DSC_0949\",\"image\":\"wp-content\\\/uploads\\\/2022\\\/10\\\/DSC_0949.jpg\"}},{\"type\":\"gallery_item\",\"props\":{\"title\":\"DSC_0952\",\"image\":\"wp-content\\\/uploads\\\/2022\\\/10\\\/DSC_0952.jpg\"}},{\"type\":\"gallery_item\",\"props\":{\"title\":\"DSC_1020\",\"image\":\"wp-content\\\/uploads\\\/2022\\\/10\\\/DSC_1020.jpg\"}},{\"type\":\"gallery_item\",\"props\":{\"title\":\"DSC_0981\",\"image\":\"wp-content\\\/uploads\\\/2022\\\/10\\\/DSC_0981.jpg\"}}],\"name\":\"Lightbox Gallery\"}]}]}]}],\"version\":\"3.0.0\"} --><\/p>\n","protected":false},"excerpt":{"rendered":"<p>28.11.2022 &#8211; Future Lab Szenarien\u00a0f\u00fcr die europ\u00e4ische Wirtschaft Szenarien f\u00fcr die europ\u00e4ische Wirtschaft 28.11.2022 &#8211; Future Lab Das Projekt Location Agenda Projektphasen Expert:innen Zur Anmeldung Das Projekt Hintergrund Sp\u00e4testens jetzt bekommen viele europ\u00e4ische Unternehmen die Auswirkungen des 24. Februar zu sp\u00fcren. Seit damals steht fest, dass die Weltordnung, wie sie zum Ende des Kalten Kriegs [&hellip;]<\/p>\n","protected":false},"author":4,"featured_media":0,"parent":0,"menu_order":0,"comment_status":"closed","ping_status":"closed","template":"","meta":{"footnotes":""},"class_list":["post-6483","page","type-page","status-publish","hentry"],"_links":{"self":[{"href":"https:\/\/themis-foresight.com\/en\/wp-json\/wp\/v2\/pages\/6483","targetHints":{"allow":["GET"]}}],"collection":[{"href":"https:\/\/themis-foresight.com\/en\/wp-json\/wp\/v2\/pages"}],"about":[{"href":"https:\/\/themis-foresight.com\/en\/wp-json\/wp\/v2\/types\/page"}],"author":[{"embeddable":true,"href":"https:\/\/themis-foresight.com\/en\/wp-json\/wp\/v2\/users\/4"}],"replies":[{"embeddable":true,"href":"https:\/\/themis-foresight.com\/en\/wp-json\/wp\/v2\/comments?post=6483"}],"version-history":[{"count":1,"href":"https:\/\/themis-foresight.com\/en\/wp-json\/wp\/v2\/pages\/6483\/revisions"}],"predecessor-version":[{"id":6732,"href":"https:\/\/themis-foresight.com\/en\/wp-json\/wp\/v2\/pages\/6483\/revisions\/6732"}],"wp:attachment":[{"href":"https:\/\/themis-foresight.com\/en\/wp-json\/wp\/v2\/media?parent=6483"}],"curies":[{"name":"wp","href":"https:\/\/api.w.org\/{rel}","templated":true}]}}